{"id":900,"date":"2022-02-16T15:07:32","date_gmt":"2022-02-16T15:07:32","guid":{"rendered":"http:\/\/cellermaspolit.com\/noticias\/"},"modified":"2026-08-17T14:52:55","modified_gmt":"2026-08-17T14:52:55","slug":"noticias","status":"publish","type":"page","link":"https:\/\/cellermaspolit.com\/es\/noticias\/","title":{"rendered":"Noticias"},"content":{"rendered":"<div class=\"wpb-content-wrapper\"><p>[vc_row row_type=\u00bbrow\u00bb use_row_as_full_screen_section=\u00bbno\u00bb type=\u00bbfull_width\u00bb text_align=\u00bbleft\u00bb background_animation=\u00bbnone\u00bb css_animation=\u00bb\u00bb][vc_column][vc_row_inner row_type=\u00bbrow\u00bb type=\u00bbgrid\u00bb use_row_as_full_screen_section_slide=\u00bbno\u00bb text_align=\u00bbcenter\u00bb css_animation=\u00bb\u00bb][vc_column_inner][vc_empty_space height=\u00bb60px\u00bb][vc_column_text css=\u00bb\u00bb]<\/p>\n<h1>Noticias<\/h1>\n<p>[\/vc_column_text][vc_empty_space height=\u00bb60px\u00bb][\/vc_column_inner][\/vc_row_inner][\/vc_column][\/vc_row][vc_row row_type=\u00bbrow\u00bb use_row_as_full_screen_section=\u00bbno\u00bb type=\u00bbgrid\u00bb text_align=\u00bbleft\u00bb background_animation=\u00bbnone\u00bb css_animation=\u00bb\u00bb][vc_column]<div class='latest_post_holder boxes three_columns '><ul><li class=\"clearfix\"><div class=\"boxes_image\"><a href=\"https:\/\/cellermaspolit.com\/es\/guia-elegir-vino-do-emporda\/\"><img loading=\"lazy\" decoding=\"async\" width=\"550\" height=\"498\" src=\"https:\/\/cellermaspolit.com\/wp-content\/uploads\/2026\/08\/Celler-Mas-Polit-\u00bfQue-vino-DO-Emporda-elegir-Guia-para-descubrir-el-vino-perfecto-para-cada-ocasion-550x498.jpg\" class=\"attachment-portfolio-default size-portfolio-default wp-post-image\" alt=\"\" srcset=\"https:\/\/cellermaspolit.com\/wp-content\/uploads\/2026\/08\/Celler-Mas-Polit-\u00bfQue-vino-DO-Emporda-elegir-Guia-para-descubrir-el-vino-perfecto-para-cada-ocasion-550x498.jpg 550w, https:\/\/cellermaspolit.com\/wp-content\/uploads\/2026\/08\/Celler-Mas-Polit-\u00bfQue-vino-DO-Emporda-elegir-Guia-para-descubrir-el-vino-perfecto-para-cada-ocasion-480x434.jpg 480w, https:\/\/cellermaspolit.com\/wp-content\/uploads\/2026\/08\/Celler-Mas-Polit-\u00bfQue-vino-DO-Emporda-elegir-Guia-para-descubrir-el-vino-perfecto-para-cada-ocasion-125x112.jpg 125w\" sizes=\"auto, (max-width: 550px) 100vw, 550px\" \/><span class=\"latest_post_overlay\"><i class=\"icon_plus\" aria-hidden=\"true\"><\/i><\/span><\/a><\/div><div class=\"latest_post\" ><div class=\"latest_post_text\"><h4 class=\"latest_post_title \"><a href=\"https:\/\/cellermaspolit.com\/es\/guia-elegir-vino-do-emporda\/\">Qu\u00e9 vino DO Empord\u00e0 elegir? Gu\u00eda para descubrir el vino perfecto para cada ocasi\u00f3n<\/a><\/h4><p class=\"excerpt\">Gu\u00eda definitiva para elegir tu vino DO Empord\u00e0: maridaje, ocasiones y los mejores vinos de Celler Mas P\u00f2lit &nbsp; \u00bfEst\u00e1s buscando el vino DO Empord\u00e0 perfecto para una cena especial, una celebraci\u00f3n o simplemente para disfrutarlo en casa? Con tantas opciones disponibles, elegir el vino......<\/p><\/div><\/div><\/li><li class=\"clearfix\"><div class=\"boxes_image\"><a href=\"https:\/\/cellermaspolit.com\/es\/vinos-ecologicos-emporda-diferentes\/\"><img loading=\"lazy\" decoding=\"async\" width=\"550\" height=\"498\" src=\"https:\/\/cellermaspolit.com\/wp-content\/uploads\/2026\/08\/celler-mas-polit-vins-ecologics-emporda-diferents-550x498.jpg\" class=\"attachment-portfolio-default size-portfolio-default wp-post-image\" alt=\"\" srcset=\"https:\/\/cellermaspolit.com\/wp-content\/uploads\/2026\/08\/celler-mas-polit-vins-ecologics-emporda-diferents-550x498.jpg 550w, https:\/\/cellermaspolit.com\/wp-content\/uploads\/2026\/08\/celler-mas-polit-vins-ecologics-emporda-diferents-480x434.jpg 480w, https:\/\/cellermaspolit.com\/wp-content\/uploads\/2026\/08\/celler-mas-polit-vins-ecologics-emporda-diferents-125x112.jpg 125w\" sizes=\"auto, (max-width: 550px) 100vw, 550px\" \/><span class=\"latest_post_overlay\"><i class=\"icon_plus\" aria-hidden=\"true\"><\/i><\/span><\/a><\/div><div class=\"latest_post\" ><div class=\"latest_post_text\"><h4 class=\"latest_post_title \"><a href=\"https:\/\/cellermaspolit.com\/es\/vinos-ecologicos-emporda-diferentes\/\">Vinos ecol\u00f3gicos del Empord\u00e0: autenticidad, territorio y sostenibilidad<\/a><\/h4><p class=\"excerpt\">\u00bfPor qu\u00e9 los vinos ecol\u00f3gicos del Empord\u00e0 son diferentes? Origen, territorio y autenticidad &nbsp; En el mundo del vino, hay regiones que tienen una identidad tan marcada que sus vinos se reconocen a simple vista. El Empord\u00e0 es una de esas regiones. Pero, \u00bfqu\u00e9 hace......<\/p><\/div><\/div><\/li><li class=\"clearfix\"><div class=\"boxes_image\"><a href=\"https:\/\/cellermaspolit.com\/es\/omo-se-produce-vino-ecologico-del-vinedo-a-la-botella\/\"><img loading=\"lazy\" decoding=\"async\" width=\"550\" height=\"498\" src=\"https:\/\/cellermaspolit.com\/wp-content\/uploads\/2026\/08\/Celler-Mas-Polit-Com-es-produeix-un-vi-ecologic-550x498.jpg\" class=\"attachment-portfolio-default size-portfolio-default wp-post-image\" alt=\"\" srcset=\"https:\/\/cellermaspolit.com\/wp-content\/uploads\/2026\/08\/Celler-Mas-Polit-Com-es-produeix-un-vi-ecologic-550x498.jpg 550w, https:\/\/cellermaspolit.com\/wp-content\/uploads\/2026\/08\/Celler-Mas-Polit-Com-es-produeix-un-vi-ecologic-480x434.jpg 480w, https:\/\/cellermaspolit.com\/wp-content\/uploads\/2026\/08\/Celler-Mas-Polit-Com-es-produeix-un-vi-ecologic-125x112.jpg 125w\" sizes=\"auto, (max-width: 550px) 100vw, 550px\" \/><span class=\"latest_post_overlay\"><i class=\"icon_plus\" aria-hidden=\"true\"><\/i><\/span><\/a><\/div><div class=\"latest_post\" ><div class=\"latest_post_text\"><h4 class=\"latest_post_title \"><a href=\"https:\/\/cellermaspolit.com\/es\/omo-se-produce-vino-ecologico-del-vinedo-a-la-botella\/\">\u00bfC\u00f3mo se produce un vino ecol\u00f3gico? Del vi\u00f1edo a la botella paso a paso<\/a><\/h4><p class=\"excerpt\">El proceso de elaboraci\u00f3n del vino ecol\u00f3gico del Empord\u00e0 &nbsp; \u00bfC\u00f3mo se produce un vino ecol\u00f3gico? El proceso comienza mucho antes de la vendimia y se inicia en la propia vi\u00f1a, con una forma de entender la viticultura basada en el respeto por el suelo,......<\/p><\/div><\/div><\/li><li class=\"clearfix\"><div class=\"boxes_image\"><a href=\"https:\/\/cellermaspolit.com\/es\/tramuntana-vino-do-emporda\/\"><img loading=\"lazy\" decoding=\"async\" width=\"550\" height=\"498\" src=\"https:\/\/cellermaspolit.com\/wp-content\/uploads\/2026\/07\/Celler-Mas-Polit-La-Tramuntana-i-el-vi-550x498.jpg\" class=\"attachment-portfolio-default size-portfolio-default wp-post-image\" alt=\"\" srcset=\"https:\/\/cellermaspolit.com\/wp-content\/uploads\/2026\/07\/Celler-Mas-Polit-La-Tramuntana-i-el-vi-550x498.jpg 550w, https:\/\/cellermaspolit.com\/wp-content\/uploads\/2026\/07\/Celler-Mas-Polit-La-Tramuntana-i-el-vi-480x434.jpg 480w, https:\/\/cellermaspolit.com\/wp-content\/uploads\/2026\/07\/Celler-Mas-Polit-La-Tramuntana-i-el-vi-125x112.jpg 125w\" sizes=\"auto, (max-width: 550px) 100vw, 550px\" \/><span class=\"latest_post_overlay\"><i class=\"icon_plus\" aria-hidden=\"true\"><\/i><\/span><\/a><\/div><div class=\"latest_post\" ><div class=\"latest_post_text\"><h4 class=\"latest_post_title \"><a href=\"https:\/\/cellermaspolit.com\/es\/tramuntana-vino-do-emporda\/\">El viento de Tramontana forja el car\u00e1cter del vino ecol\u00f3gico DO Empord\u00e0<\/a><\/h4><p class=\"excerpt\">La Tramuntana y el vino: c\u00f3mo el viento modela los vinos de la DO Empord\u00e0 &nbsp; Si hay un elemento que define el alma del Empord\u00e0, ese es la Tramuntana. Este viento del norte, seco, intenso y rebelde, no solo modela el paisaje, sino que......<\/p><\/div><\/div><\/li><li class=\"clearfix\"><div class=\"boxes_image\"><a href=\"https:\/\/cellermaspolit.com\/es\/como-elegir-vino-do-emporda\/\"><img loading=\"lazy\" decoding=\"async\" width=\"550\" height=\"498\" src=\"https:\/\/cellermaspolit.com\/wp-content\/uploads\/2026\/07\/Celller-Mas-Polit-Com-triar-un-bon-vi-DO-Emporda-la-guia-definitiva-per-encertar-sempre-550x498.jpg\" class=\"attachment-portfolio-default size-portfolio-default wp-post-image\" alt=\"Viticultura ecol\u00f2gica a l\u2019Empord\u00e0 Celler Mas P\u00f2lit\" srcset=\"https:\/\/cellermaspolit.com\/wp-content\/uploads\/2026\/07\/Celller-Mas-Polit-Com-triar-un-bon-vi-DO-Emporda-la-guia-definitiva-per-encertar-sempre-550x498.jpg 550w, https:\/\/cellermaspolit.com\/wp-content\/uploads\/2026\/07\/Celller-Mas-Polit-Com-triar-un-bon-vi-DO-Emporda-la-guia-definitiva-per-encertar-sempre-480x434.jpg 480w, https:\/\/cellermaspolit.com\/wp-content\/uploads\/2026\/07\/Celller-Mas-Polit-Com-triar-un-bon-vi-DO-Emporda-la-guia-definitiva-per-encertar-sempre-125x112.jpg 125w\" sizes=\"auto, (max-width: 550px) 100vw, 550px\" \/><span class=\"latest_post_overlay\"><i class=\"icon_plus\" aria-hidden=\"true\"><\/i><\/span><\/a><\/div><div class=\"latest_post\" ><div class=\"latest_post_text\"><h4 class=\"latest_post_title \"><a href=\"https:\/\/cellermaspolit.com\/es\/como-elegir-vino-do-emporda\/\">C\u00f3mo elegir un buen vino DO Empord\u00e0: la gu\u00eda definitiva para acertar siempre<\/a><\/h4><p class=\"excerpt\">\u00bfC\u00f3mo elegir un vino DO Empord\u00e0? Claves para escoger el vino ideal &nbsp; Elegir un buen vino DO Empord\u00e0 puede ser una experiencia fascinante, pero tambi\u00e9n abrumadora si no se sabe por d\u00f3nde empezar. El Empord\u00e0 es una tierra de contrastes, con una tradici\u00f3n vitivin\u00edcola......<\/p><\/div><\/div><\/li><li class=\"clearfix\"><div class=\"boxes_image\"><a href=\"https:\/\/cellermaspolit.com\/es\/vino-ecologico-emporda-unico-reconocimiento\/\"><img loading=\"lazy\" decoding=\"async\" width=\"550\" height=\"498\" src=\"https:\/\/cellermaspolit.com\/wp-content\/uploads\/2026\/07\/Celler-Mas-Polit-Vi-ecologic-DO-Emporda-que-el-fa-unic-i-per-que-cada-vegada-te-mes-reconeixement-550x498.jpg\" class=\"attachment-portfolio-default size-portfolio-default wp-post-image\" alt=\"Vi negre ecol\u00f2gic Mas P\u00f2lit DO Empord\u00e0\" srcset=\"https:\/\/cellermaspolit.com\/wp-content\/uploads\/2026\/07\/Celler-Mas-Polit-Vi-ecologic-DO-Emporda-que-el-fa-unic-i-per-que-cada-vegada-te-mes-reconeixement-550x498.jpg 550w, https:\/\/cellermaspolit.com\/wp-content\/uploads\/2026\/07\/Celler-Mas-Polit-Vi-ecologic-DO-Emporda-que-el-fa-unic-i-per-que-cada-vegada-te-mes-reconeixement-480x434.jpg 480w, https:\/\/cellermaspolit.com\/wp-content\/uploads\/2026\/07\/Celler-Mas-Polit-Vi-ecologic-DO-Emporda-que-el-fa-unic-i-per-que-cada-vegada-te-mes-reconeixement-125x112.jpg 125w\" sizes=\"auto, (max-width: 550px) 100vw, 550px\" \/><span class=\"latest_post_overlay\"><i class=\"icon_plus\" aria-hidden=\"true\"><\/i><\/span><\/a><\/div><div class=\"latest_post\" ><div class=\"latest_post_text\"><h4 class=\"latest_post_title \"><a href=\"https:\/\/cellermaspolit.com\/es\/vino-ecologico-emporda-unico-reconocimiento\/\">Vino ecol\u00f3gico DO Empord\u00e0: qu\u00e9 lo hace \u00fanico y por qu\u00e9 cada vez tiene m\u00e1s reconocimiento<\/a><\/h4><p class=\"excerpt\">Vino ecol\u00f3gico del Empord\u00e0, \u00bfpor qu\u00e9 es el mejor vino de crianza de Catalu\u00f1a? &nbsp; El vino ecol\u00f3gico DO Empord\u00e0 est\u00e1 viviendo un momento de expansi\u00f3n y reconocimiento sin precedentes. No es moda: es consecuencia de un trabajo riguroso en el campo, de una apuesta......<\/p><\/div><\/div><\/li><li class=\"clearfix\"><div class=\"boxes_image\"><a href=\"https:\/\/cellermaspolit.com\/es\/que-significa-vino-ecologico\/\"><img loading=\"lazy\" decoding=\"async\" width=\"550\" height=\"498\" src=\"https:\/\/cellermaspolit.com\/wp-content\/uploads\/2026\/06\/Celler-Mas-Polit-Vi-ecologic-de-lEmporda-que-significa-i-per-que-marca-la-diferencia-550x498.jpg\" class=\"attachment-portfolio-default size-portfolio-default wp-post-image\" alt=\"\" srcset=\"https:\/\/cellermaspolit.com\/wp-content\/uploads\/2026\/06\/Celler-Mas-Polit-Vi-ecologic-de-lEmporda-que-significa-i-per-que-marca-la-diferencia-550x498.jpg 550w, https:\/\/cellermaspolit.com\/wp-content\/uploads\/2026\/06\/Celler-Mas-Polit-Vi-ecologic-de-lEmporda-que-significa-i-per-que-marca-la-diferencia-480x434.jpg 480w, https:\/\/cellermaspolit.com\/wp-content\/uploads\/2026\/06\/Celler-Mas-Polit-Vi-ecologic-de-lEmporda-que-significa-i-per-que-marca-la-diferencia-125x112.jpg 125w\" sizes=\"auto, (max-width: 550px) 100vw, 550px\" \/><span class=\"latest_post_overlay\"><i class=\"icon_plus\" aria-hidden=\"true\"><\/i><\/span><\/a><\/div><div class=\"latest_post\" ><div class=\"latest_post_text\"><h4 class=\"latest_post_title \"><a href=\"https:\/\/cellermaspolit.com\/es\/que-significa-vino-ecologico\/\">Vino ecol\u00f3gico del Empord\u00e0: qu\u00e9 significa y por qu\u00e9 marca la diferencia<\/a><\/h4><p class=\"excerpt\">\u00bfQu\u00e9 significa que nuestro vino es ecol\u00f3gico? M\u00e1s que una etiqueta, una filosof\u00eda &nbsp; Cuando le\u00e9is en la etiqueta de una botella de vino catal\u00e1n ecol\u00f3gico, quiz\u00e1s os pregunt\u00e9is qu\u00e9 significa realmente. Es m\u00e1s que una palabra de moda o una estrategia de marketing. En......<\/p><\/div><\/div><\/li><li class=\"clearfix\"><div class=\"boxes_image\"><a href=\"https:\/\/cellermaspolit.com\/es\/sostenibilidad-ecologica-viticultura\/\"><img loading=\"lazy\" decoding=\"async\" width=\"550\" height=\"498\" src=\"https:\/\/cellermaspolit.com\/wp-content\/uploads\/2026\/06\/Celler-Mas-Polit-Sostenibilitat-i-viticultura-ecologica-550x498.jpg\" class=\"attachment-portfolio-default size-portfolio-default wp-post-image\" alt=\"Vi ecol\u00f2gic Mas P\u00f2lit en b\u00f3ta de crian\u00e7a al celler DO Empord\u00e0\" srcset=\"https:\/\/cellermaspolit.com\/wp-content\/uploads\/2026\/06\/Celler-Mas-Polit-Sostenibilitat-i-viticultura-ecologica-550x498.jpg 550w, https:\/\/cellermaspolit.com\/wp-content\/uploads\/2026\/06\/Celler-Mas-Polit-Sostenibilitat-i-viticultura-ecologica-480x434.jpg 480w, https:\/\/cellermaspolit.com\/wp-content\/uploads\/2026\/06\/Celler-Mas-Polit-Sostenibilitat-i-viticultura-ecologica-125x112.jpg 125w\" sizes=\"auto, (max-width: 550px) 100vw, 550px\" \/><span class=\"latest_post_overlay\"><i class=\"icon_plus\" aria-hidden=\"true\"><\/i><\/span><\/a><\/div><div class=\"latest_post\" ><div class=\"latest_post_text\"><h4 class=\"latest_post_title \"><a href=\"https:\/\/cellermaspolit.com\/es\/sostenibilidad-ecologica-viticultura\/\">Sostenibilidad y viticultura ecol\u00f3gica<\/a><\/h4><p class=\"excerpt\">Sostenibilidad y viticultura ecol\u00f3gica en el Empord\u00e0: el compromiso de Celler Mas P\u00f2lit &nbsp; La sostenibilidad ya no es una tendencia pasajera, sino una forma responsable de entender la viticultura y el futuro del territorio. En el Celler Mas P\u00f2lit, esta filosof\u00eda forma parte del......<\/p><\/div><\/div><\/li><li class=\"clearfix\"><div class=\"boxes_image\"><a href=\"https:\/\/cellermaspolit.com\/es\/que-hacer-emporda-fin-de-semana\/\"><img loading=\"lazy\" decoding=\"async\" width=\"550\" height=\"498\" src=\"https:\/\/cellermaspolit.com\/wp-content\/uploads\/2026\/05\/Celler-Mas-Polit-Que-fer-a-lEmporda-en-un-cap-de-setmana-550x498.jpg\" class=\"attachment-portfolio-default size-portfolio-default wp-post-image\" alt=\"\" srcset=\"https:\/\/cellermaspolit.com\/wp-content\/uploads\/2026\/05\/Celler-Mas-Polit-Que-fer-a-lEmporda-en-un-cap-de-setmana-550x498.jpg 550w, https:\/\/cellermaspolit.com\/wp-content\/uploads\/2026\/05\/Celler-Mas-Polit-Que-fer-a-lEmporda-en-un-cap-de-setmana-480x434.jpg 480w, https:\/\/cellermaspolit.com\/wp-content\/uploads\/2026\/05\/Celler-Mas-Polit-Que-fer-a-lEmporda-en-un-cap-de-setmana-125x112.jpg 125w\" sizes=\"auto, (max-width: 550px) 100vw, 550px\" \/><span class=\"latest_post_overlay\"><i class=\"icon_plus\" aria-hidden=\"true\"><\/i><\/span><\/a><\/div><div class=\"latest_post\" ><div class=\"latest_post_text\"><h4 class=\"latest_post_title \"><a href=\"https:\/\/cellermaspolit.com\/es\/que-hacer-emporda-fin-de-semana\/\">Qu\u00e9 hacer en el Empord\u00e0 en un fin de semana<\/a><\/h4><p class=\"excerpt\">Qu\u00e9 hacer en el Empord\u00e0 en un fin de semana: vino, naturaleza y experiencias inolvidables &nbsp; Si est\u00e1s buscando qu\u00e9 hacer en el Empord\u00e0 en un fin de semana, has escogido uno de los destinos m\u00e1s completos y aut\u00e9nticos de Catalu\u00f1a. El Empord\u00e0 combina mar......<\/p><\/div><\/div><\/li><li class=\"clearfix\"><div class=\"boxes_image\"><a href=\"https:\/\/cellermaspolit.com\/es\/tot-sant-cugat-destaca-celler-mas-polit-vinos-ecologicos-do-emporda-serra-de-lalbera\/\"><img loading=\"lazy\" decoding=\"async\" width=\"550\" height=\"498\" src=\"https:\/\/cellermaspolit.com\/wp-content\/uploads\/2026\/05\/Celler-Mas-Polit-tot-sant-cugat-celler-mas-polit-vins-ecologics-emporda-2026-03-550x498.jpg\" class=\"attachment-portfolio-default size-portfolio-default wp-post-image\" alt=\"\" srcset=\"https:\/\/cellermaspolit.com\/wp-content\/uploads\/2026\/05\/Celler-Mas-Polit-tot-sant-cugat-celler-mas-polit-vins-ecologics-emporda-2026-03-550x498.jpg 550w, https:\/\/cellermaspolit.com\/wp-content\/uploads\/2026\/05\/Celler-Mas-Polit-tot-sant-cugat-celler-mas-polit-vins-ecologics-emporda-2026-03-480x434.jpg 480w, https:\/\/cellermaspolit.com\/wp-content\/uploads\/2026\/05\/Celler-Mas-Polit-tot-sant-cugat-celler-mas-polit-vins-ecologics-emporda-2026-03-125x112.jpg 125w\" sizes=\"auto, (max-width: 550px) 100vw, 550px\" \/><span class=\"latest_post_overlay\"><i class=\"icon_plus\" aria-hidden=\"true\"><\/i><\/span><\/a><\/div><div class=\"latest_post\" ><div class=\"latest_post_text\"><h4 class=\"latest_post_title \"><a href=\"https:\/\/cellermaspolit.com\/es\/tot-sant-cugat-destaca-celler-mas-polit-vinos-ecologicos-do-emporda-serra-de-lalbera\/\">TOT Sant Cugat destaca Celler Mas P\u00f2lit: vinos ecol\u00f3gicos DO Empord\u00e0 desde la Serra de l\u2019Albera<\/a><\/h4><p class=\"excerpt\">Celler Mas P\u00f2lit en TOT Sant Cugat: la esencia de los vinos ecol\u00f3gicos del Empord\u00e0 &nbsp; Cuando un medio especializado como TOT Sant Cugat destaca una bodega, no es solo una noticia: es un reconocimiento a una forma de entender el vino. Recientemente, el diario......<\/p><\/div><\/div><\/li><li class=\"clearfix\"><div class=\"boxes_image\"><a href=\"https:\/\/cellermaspolit.com\/es\/vinos-ecologicos-do-emporda\/\"><img loading=\"lazy\" decoding=\"async\" width=\"550\" height=\"498\" src=\"https:\/\/cellermaspolit.com\/wp-content\/uploads\/2026\/05\/Celler-Mas-Polit-Vins-ecologics-de-D.O.-Emporda-550x498.jpg\" class=\"attachment-portfolio-default size-portfolio-default wp-post-image\" alt=\"Vi ecol\u00f2gic Mas P\u00f2lit en b\u00f3ta de crian\u00e7a al celler DO Empord\u00e0\" srcset=\"https:\/\/cellermaspolit.com\/wp-content\/uploads\/2026\/05\/Celler-Mas-Polit-Vins-ecologics-de-D.O.-Emporda-550x498.jpg 550w, https:\/\/cellermaspolit.com\/wp-content\/uploads\/2026\/05\/Celler-Mas-Polit-Vins-ecologics-de-D.O.-Emporda-480x434.jpg 480w, https:\/\/cellermaspolit.com\/wp-content\/uploads\/2026\/05\/Celler-Mas-Polit-Vins-ecologics-de-D.O.-Emporda-125x112.jpg 125w\" sizes=\"auto, (max-width: 550px) 100vw, 550px\" \/><span class=\"latest_post_overlay\"><i class=\"icon_plus\" aria-hidden=\"true\"><\/i><\/span><\/a><\/div><div class=\"latest_post\" ><div class=\"latest_post_text\"><h4 class=\"latest_post_title \"><a href=\"https:\/\/cellermaspolit.com\/es\/vinos-ecologicos-do-emporda\/\">Vinos ecol\u00f3gicos de D.O. Empord\u00e0<\/a><\/h4><p class=\"excerpt\">Vino ecol\u00f3gico Empord\u00e0: vinos sostenibles con identidad y car\u00e1cter &nbsp; Los vinos ecol\u00f3gicos de D.O. Empord\u00e0 representan una de las expresiones m\u00e1s aut\u00e9nticas del territorio catal\u00e1n. Elaborados con respeto por la naturaleza y con una clara apuesta por la sostenibilidad, estos vinos reflejan el car\u00e1cter......<\/p><\/div><\/div><\/li><li class=\"clearfix\"><div class=\"boxes_image\"><a href=\"https:\/\/cellermaspolit.com\/es\/vinos-tintos-concentracion-personalidad-empurda\/\"><img loading=\"lazy\" decoding=\"async\" width=\"550\" height=\"498\" src=\"https:\/\/cellermaspolit.com\/wp-content\/uploads\/2026\/04\/Celler-Mas-Polit-Vins-negres-crianca-amb-concentracio-i-personalitat-Emporda-550x498.jpg\" class=\"attachment-portfolio-default size-portfolio-default wp-post-image\" alt=\"\" srcset=\"https:\/\/cellermaspolit.com\/wp-content\/uploads\/2026\/04\/Celler-Mas-Polit-Vins-negres-crianca-amb-concentracio-i-personalitat-Emporda-550x498.jpg 550w, https:\/\/cellermaspolit.com\/wp-content\/uploads\/2026\/04\/Celler-Mas-Polit-Vins-negres-crianca-amb-concentracio-i-personalitat-Emporda-480x434.jpg 480w, https:\/\/cellermaspolit.com\/wp-content\/uploads\/2026\/04\/Celler-Mas-Polit-Vins-negres-crianca-amb-concentracio-i-personalitat-Emporda-125x112.jpg 125w\" sizes=\"auto, (max-width: 550px) 100vw, 550px\" \/><span class=\"latest_post_overlay\"><i class=\"icon_plus\" aria-hidden=\"true\"><\/i><\/span><\/a><\/div><div class=\"latest_post\" ><div class=\"latest_post_text\"><h4 class=\"latest_post_title \"><a href=\"https:\/\/cellermaspolit.com\/es\/vinos-tintos-concentracion-personalidad-empurda\/\">Vinos tintos crianza con concentraci\u00f3n y personalidad Empurd\u00e1<\/a><\/h4><p class=\"excerpt\">Vinos tintos crianza DO Empord\u00e0: intensidad, terroir y personalidad \u00fanica &nbsp; Los vinos tintos crianza con concentraci\u00f3n y personalidad del Empord\u00e0 representan una de las expresiones m\u00e1s aut\u00e9nticas del vino catal\u00e1n ecol\u00f3gico. En un territorio marcado por la tramontana, los suelos de pizarra y una......<\/p><\/div><\/div><\/li><li class=\"clearfix\"><div class=\"boxes_image\"><a href=\"https:\/\/cellermaspolit.com\/es\/bodega-ecologica-impacto-medioambiental-reducido-emporda\/\"><img loading=\"lazy\" decoding=\"async\" width=\"550\" height=\"498\" src=\"https:\/\/cellermaspolit.com\/wp-content\/uploads\/2026\/04\/Celler-mas-Polit-Celler-amb-impacte-mediambiental-reduit-550x498.jpg\" class=\"attachment-portfolio-default size-portfolio-default wp-post-image\" alt=\"\" srcset=\"https:\/\/cellermaspolit.com\/wp-content\/uploads\/2026\/04\/Celler-mas-Polit-Celler-amb-impacte-mediambiental-reduit-550x498.jpg 550w, https:\/\/cellermaspolit.com\/wp-content\/uploads\/2026\/04\/Celler-mas-Polit-Celler-amb-impacte-mediambiental-reduit-480x434.jpg 480w, https:\/\/cellermaspolit.com\/wp-content\/uploads\/2026\/04\/Celler-mas-Polit-Celler-amb-impacte-mediambiental-reduit-125x112.jpg 125w\" sizes=\"auto, (max-width: 550px) 100vw, 550px\" \/><span class=\"latest_post_overlay\"><i class=\"icon_plus\" aria-hidden=\"true\"><\/i><\/span><\/a><\/div><div class=\"latest_post\" ><div class=\"latest_post_text\"><h4 class=\"latest_post_title \"><a href=\"https:\/\/cellermaspolit.com\/es\/bodega-ecologica-impacto-medioambiental-reducido-emporda\/\">Bodega con impacto medioambiental reducido<\/a><\/h4><p class=\"excerpt\">Bodega ecol\u00f3gica con impacto medioambiental reducido en el Empord\u00e0 &nbsp; El concepto de bodega con impacto medioambiental reducido se ha convertido en uno de los pilares fundamentales del sector vitivin\u00edcola actual. En un contexto marcado por el cambio clim\u00e1tico y la necesidad de preservar los......<\/p><\/div><\/div><\/li><li class=\"clearfix\"><div class=\"boxes_image\"><a href=\"https:\/\/cellermaspolit.com\/es\/visitas-enoturisticas-ecologica-emporda\/\"><img loading=\"lazy\" decoding=\"async\" width=\"550\" height=\"498\" src=\"https:\/\/cellermaspolit.com\/wp-content\/uploads\/2026\/03\/Celler-Mas-Polit-visites-enoturistiques-celler-ecologic-emporda-550x498.jpg\" class=\"attachment-portfolio-default size-portfolio-default wp-post-image\" alt=\"\" srcset=\"https:\/\/cellermaspolit.com\/wp-content\/uploads\/2026\/03\/Celler-Mas-Polit-visites-enoturistiques-celler-ecologic-emporda-550x498.jpg 550w, https:\/\/cellermaspolit.com\/wp-content\/uploads\/2026\/03\/Celler-Mas-Polit-visites-enoturistiques-celler-ecologic-emporda-480x434.jpg 480w, https:\/\/cellermaspolit.com\/wp-content\/uploads\/2026\/03\/Celler-Mas-Polit-visites-enoturistiques-celler-ecologic-emporda-125x112.jpg 125w\" sizes=\"auto, (max-width: 550px) 100vw, 550px\" \/><span class=\"latest_post_overlay\"><i class=\"icon_plus\" aria-hidden=\"true\"><\/i><\/span><\/a><\/div><div class=\"latest_post\" ><div class=\"latest_post_text\"><h4 class=\"latest_post_title \"><a href=\"https:\/\/cellermaspolit.com\/es\/visitas-enoturisticas-ecologica-emporda\/\">Visitas enotur\u00edsticas en bodega ecol\u00f3gica Empord\u00e0<\/a><\/h4><p class=\"excerpt\">Mejores visitas enotur\u00edsticas en una bodega ecol\u00f3gica en el Empord\u00e0, Celler Mas P\u00f2lit &nbsp; Las visitas enotur\u00edsticas bodega ecol\u00f3gica Empord\u00e0 son una experiencia \u00fanica para descubrir el mundo del vino desde su origen. En el Empord\u00e0, territorio marcado por la tramontana, el mar y la......<\/p><\/div><\/div><\/li><li class=\"clearfix\"><div class=\"boxes_image\"><a href=\"https:\/\/cellermaspolit.com\/es\/bodega-familiar-emporda-viticultura-artesanal\/\"><img loading=\"lazy\" decoding=\"async\" width=\"550\" height=\"498\" src=\"https:\/\/cellermaspolit.com\/wp-content\/uploads\/2026\/03\/Celler-Mas-Polit-Emporda-amb-viticultura-artesanal-550x498.jpg\" class=\"attachment-portfolio-default size-portfolio-default wp-post-image\" alt=\"\" srcset=\"https:\/\/cellermaspolit.com\/wp-content\/uploads\/2026\/03\/Celler-Mas-Polit-Emporda-amb-viticultura-artesanal-550x498.jpg 550w, https:\/\/cellermaspolit.com\/wp-content\/uploads\/2026\/03\/Celler-Mas-Polit-Emporda-amb-viticultura-artesanal-480x434.jpg 480w, https:\/\/cellermaspolit.com\/wp-content\/uploads\/2026\/03\/Celler-Mas-Polit-Emporda-amb-viticultura-artesanal-125x112.jpg 125w\" sizes=\"auto, (max-width: 550px) 100vw, 550px\" \/><span class=\"latest_post_overlay\"><i class=\"icon_plus\" aria-hidden=\"true\"><\/i><\/span><\/a><\/div><div class=\"latest_post\" ><div class=\"latest_post_text\"><h4 class=\"latest_post_title \"><a href=\"https:\/\/cellermaspolit.com\/es\/bodega-familiar-emporda-viticultura-artesanal\/\">Bodega familiar en el Empord\u00e0 con viticultura artesanal<\/a><\/h4><p class=\"excerpt\">Bodega familiar en el Empord\u00e0 &nbsp; Celler Mas P\u00f2lit es un claro ejemplo de bodega familiar en el Empord\u00e0 con viticultura artesanal, donde la tradici\u00f3n, el respeto por el territorio y la pasi\u00f3n por el vino se transmiten de generaci\u00f3n en generaci\u00f3n. Situada en un......<\/p><\/div><\/div><\/li><li class=\"clearfix\"><div class=\"boxes_image\"><a href=\"https:\/\/cellermaspolit.com\/es\/vinedo-montana-serra-rodes-albera\/\"><img loading=\"lazy\" decoding=\"async\" width=\"550\" height=\"498\" src=\"https:\/\/cellermaspolit.com\/wp-content\/uploads\/2026\/03\/Celler-Mas-Polit-muntanya-de-la-Serra-de-Rodes-a-lAlbera-550x498.jpg\" class=\"attachment-portfolio-default size-portfolio-default wp-post-image\" alt=\"\" srcset=\"https:\/\/cellermaspolit.com\/wp-content\/uploads\/2026\/03\/Celler-Mas-Polit-muntanya-de-la-Serra-de-Rodes-a-lAlbera-550x498.jpg 550w, https:\/\/cellermaspolit.com\/wp-content\/uploads\/2026\/03\/Celler-Mas-Polit-muntanya-de-la-Serra-de-Rodes-a-lAlbera-480x434.jpg 480w, https:\/\/cellermaspolit.com\/wp-content\/uploads\/2026\/03\/Celler-Mas-Polit-muntanya-de-la-Serra-de-Rodes-a-lAlbera-125x112.jpg 125w\" sizes=\"auto, (max-width: 550px) 100vw, 550px\" \/><span class=\"latest_post_overlay\"><i class=\"icon_plus\" aria-hidden=\"true\"><\/i><\/span><\/a><\/div><div class=\"latest_post\" ><div class=\"latest_post_text\"><h4 class=\"latest_post_title \"><a href=\"https:\/\/cellermaspolit.com\/es\/vinedo-montana-serra-rodes-albera\/\">Vino de vi\u00f1edo de monta\u00f1a de la Serra de Rodes a la Albera<\/a><\/h4><p class=\"excerpt\">Vino de vi\u00f1a de monta\u00f1a DO Empord\u00e0: de la Serra de Rodes a la Albera &nbsp; El vino de vi\u00f1edo de monta\u00f1a de la Serra de Rodes a la Albera representa una de las expresiones m\u00e1s aut\u00e9nticas del territorio del Empord\u00e0. En este paisaje marcado......<\/p><\/div><\/div><\/li><li class=\"clearfix\"><div class=\"boxes_image\"><a href=\"https:\/\/cellermaspolit.com\/es\/vino-ecologico-emporda-premiado\/\"><img loading=\"lazy\" decoding=\"async\" width=\"550\" height=\"498\" src=\"https:\/\/cellermaspolit.com\/wp-content\/uploads\/2026\/03\/Celler-Mas-Polit-Vi-ecologic-premiat-550x498.jpg\" class=\"attachment-portfolio-default size-portfolio-default wp-post-image\" alt=\"\" srcset=\"https:\/\/cellermaspolit.com\/wp-content\/uploads\/2026\/03\/Celler-Mas-Polit-Vi-ecologic-premiat-550x498.jpg 550w, https:\/\/cellermaspolit.com\/wp-content\/uploads\/2026\/03\/Celler-Mas-Polit-Vi-ecologic-premiat-480x434.jpg 480w, https:\/\/cellermaspolit.com\/wp-content\/uploads\/2026\/03\/Celler-Mas-Polit-Vi-ecologic-premiat-125x112.jpg 125w\" sizes=\"auto, (max-width: 550px) 100vw, 550px\" \/><span class=\"latest_post_overlay\"><i class=\"icon_plus\" aria-hidden=\"true\"><\/i><\/span><\/a><\/div><div class=\"latest_post\" ><div class=\"latest_post_text\"><h4 class=\"latest_post_title \"><a href=\"https:\/\/cellermaspolit.com\/es\/vino-ecologico-emporda-premiado\/\">Vino ecol\u00f3gico del Empord\u00e0 premiado \u2013 DO Empord\u00e0 sostenible de vi\u00f1edo de monta\u00f1a<\/a><\/h4><p class=\"excerpt\">Vino ecol\u00f3gico del Empord\u00e0 premiado &nbsp; El vino ecol\u00f3gico del Empord\u00e0 premiado es mucho m\u00e1s que una etiqueta: es el resultado de un trabajo riguroso en el vi\u00f1edo, de un compromiso real con la sostenibilidad y de una apuesta clara por la calidad. En Celler......<\/p><\/div><\/div><\/li><li class=\"clearfix\"><div class=\"boxes_image\"><a href=\"https:\/\/cellermaspolit.com\/es\/mas-polit-2022-vino-crianza-do-empurdan-ecologico-vina-montana\/\"><img loading=\"lazy\" decoding=\"async\" width=\"550\" height=\"498\" src=\"https:\/\/cellermaspolit.com\/wp-content\/uploads\/2026\/02\/Celler-Mas-Polit-Mas-Polit-2022-\u2013-Vi-crianca-DO-Emporda-ecologic-vinya-muntanya-550x498.jpg\" class=\"attachment-portfolio-default size-portfolio-default wp-post-image\" alt=\"\" srcset=\"https:\/\/cellermaspolit.com\/wp-content\/uploads\/2026\/02\/Celler-Mas-Polit-Mas-Polit-2022-\u2013-Vi-crianca-DO-Emporda-ecologic-vinya-muntanya-550x498.jpg 550w, https:\/\/cellermaspolit.com\/wp-content\/uploads\/2026\/02\/Celler-Mas-Polit-Mas-Polit-2022-\u2013-Vi-crianca-DO-Emporda-ecologic-vinya-muntanya-480x434.jpg 480w, https:\/\/cellermaspolit.com\/wp-content\/uploads\/2026\/02\/Celler-Mas-Polit-Mas-Polit-2022-\u2013-Vi-crianca-DO-Emporda-ecologic-vinya-muntanya-125x112.jpg 125w\" sizes=\"auto, (max-width: 550px) 100vw, 550px\" \/><span class=\"latest_post_overlay\"><i class=\"icon_plus\" aria-hidden=\"true\"><\/i><\/span><\/a><\/div><div class=\"latest_post\" ><div class=\"latest_post_text\"><h4 class=\"latest_post_title \"><a href=\"https:\/\/cellermaspolit.com\/es\/mas-polit-2022-vino-crianza-do-empurdan-ecologico-vina-montana\/\">Mas P\u00f2lit 2022 \u2013 Vino crianza DO Empurd\u00e1n ecol\u00f3gico de vi\u00f1a de monta\u00f1a<\/a><\/h4><p class=\"excerpt\">Vino Mas P\u00f2lit 2022 DO Empord\u00e0 &nbsp; El Vino Mas P\u00f2lit 2022 DO Empord\u00e0 representa la esencia del territorio, la fuerza del vi\u00f1edo de monta\u00f1a y el compromiso con la viticultura ecol\u00f3gica. Elaborado por Celler Mas P\u00f2lit, este vino crianza sintetiza tradici\u00f3n, paisaje y sostenibilidad......<\/p><\/div><\/div><\/li><li class=\"clearfix\"><div class=\"boxes_image\"><a href=\"https:\/\/cellermaspolit.com\/es\/vino-crianza-cataluna\/\"><img loading=\"lazy\" decoding=\"async\" width=\"550\" height=\"498\" src=\"https:\/\/cellermaspolit.com\/wp-content\/uploads\/2026\/02\/Celler-Mas-Polit-Vi-ecologic-crianca-550x498.jpg\" class=\"attachment-portfolio-default size-portfolio-default wp-post-image\" alt=\"\" srcset=\"https:\/\/cellermaspolit.com\/wp-content\/uploads\/2026\/02\/Celler-Mas-Polit-Vi-ecologic-crianca-550x498.jpg 550w, https:\/\/cellermaspolit.com\/wp-content\/uploads\/2026\/02\/Celler-Mas-Polit-Vi-ecologic-crianca-480x434.jpg 480w, https:\/\/cellermaspolit.com\/wp-content\/uploads\/2026\/02\/Celler-Mas-Polit-Vi-ecologic-crianca-125x112.jpg 125w\" sizes=\"auto, (max-width: 550px) 100vw, 550px\" \/><span class=\"latest_post_overlay\"><i class=\"icon_plus\" aria-hidden=\"true\"><\/i><\/span><\/a><\/div><div class=\"latest_post\" ><div class=\"latest_post_text\"><h4 class=\"latest_post_title \"><a href=\"https:\/\/cellermaspolit.com\/es\/vino-crianza-cataluna\/\">Vino crianza de Catalu\u00f1a DO Empord\u00e0 ecol\u00f3gico, Celler Mas P\u00f2lit<\/a><\/h4><p class=\"excerpt\">Mejor vino crianza de Catalu\u00f1a \u2013 DO Empord\u00e0 ecol\u00f3gico con car\u00e1cter y terru\u00f1o &nbsp; El vino crianza de Catalu\u00f1a representa una de las expresiones m\u00e1s aut\u00e9nticas del patrimonio vitivin\u00edcola catal\u00e1n. Hablar de crianza es hablar de tiempo, paciencia y respeto por el terru\u00f1o. Catalu\u00f1a cuenta......<\/p><\/div><\/div><\/li><li class=\"clearfix\"><div class=\"boxes_image\"><a href=\"https:\/\/cellermaspolit.com\/es\/celler-mas-polit-bodega-familiar-vino-ecologico-do-emporda\/\"><img loading=\"lazy\" decoding=\"async\" width=\"550\" height=\"498\" src=\"https:\/\/cellermaspolit.com\/wp-content\/uploads\/2026\/02\/Celler-Mas-Polit-Vi-ecologic-Emporda-550x498.jpg\" class=\"attachment-portfolio-default size-portfolio-default wp-post-image\" alt=\"\" srcset=\"https:\/\/cellermaspolit.com\/wp-content\/uploads\/2026\/02\/Celler-Mas-Polit-Vi-ecologic-Emporda-550x498.jpg 550w, https:\/\/cellermaspolit.com\/wp-content\/uploads\/2026\/02\/Celler-Mas-Polit-Vi-ecologic-Emporda-480x434.jpg 480w, https:\/\/cellermaspolit.com\/wp-content\/uploads\/2026\/02\/Celler-Mas-Polit-Vi-ecologic-Emporda-125x112.jpg 125w\" sizes=\"auto, (max-width: 550px) 100vw, 550px\" \/><span class=\"latest_post_overlay\"><i class=\"icon_plus\" aria-hidden=\"true\"><\/i><\/span><\/a><\/div><div class=\"latest_post\" ><div class=\"latest_post_text\"><h4 class=\"latest_post_title \"><a href=\"https:\/\/cellermaspolit.com\/es\/celler-mas-polit-bodega-familiar-vino-ecologico-do-emporda\/\">Celler Mas P\u00f2lit, bodega familiar de vino ecol\u00f3gico D.O. Empord\u00e0<\/a><\/h4><p class=\"excerpt\">Celler Mas P\u00f2lit: El arte del vino ecol\u00f3gico en Empord\u00e0 &nbsp; En el coraz\u00f3n de la Denominaci\u00f3n de Origen Empord\u00e0, donde el viento de la Tramuntana esculpe el paisaje y la historia se entrelaza en cada piedra, se alza Celler Mas P\u00f2lit. M\u00e1s que una......<\/p><\/div><\/div><\/li><li class=\"clearfix\"><div class=\"boxes_image\"><a href=\"https:\/\/cellermaspolit.com\/es\/terra-indika-negre-2025\/\"><img loading=\"lazy\" decoding=\"async\" width=\"550\" height=\"498\" src=\"https:\/\/cellermaspolit.com\/wp-content\/uploads\/2026\/01\/Celler-Mas-Polit-Terra-Indika-2025-550x498.jpg\" class=\"attachment-portfolio-default size-portfolio-default wp-post-image\" alt=\"\" srcset=\"https:\/\/cellermaspolit.com\/wp-content\/uploads\/2026\/01\/Celler-Mas-Polit-Terra-Indika-2025-550x498.jpg 550w, https:\/\/cellermaspolit.com\/wp-content\/uploads\/2026\/01\/Celler-Mas-Polit-Terra-Indika-2025-480x434.jpg 480w, https:\/\/cellermaspolit.com\/wp-content\/uploads\/2026\/01\/Celler-Mas-Polit-Terra-Indika-2025-125x112.jpg 125w\" sizes=\"auto, (max-width: 550px) 100vw, 550px\" \/><span class=\"latest_post_overlay\"><i class=\"icon_plus\" aria-hidden=\"true\"><\/i><\/span><\/a><\/div><div class=\"latest_post\" ><div class=\"latest_post_text\"><h4 class=\"latest_post_title \"><a href=\"https:\/\/cellermaspolit.com\/es\/terra-indika-negre-2025\/\">Terra Indika Negre 2025<\/a><\/h4><p class=\"excerpt\">Terra Indika Negre 2025 DO Empord\u00e0 \u2013 Vino tinto ecol\u00f3gico de vi\u00f1a de monta\u00f1a de Celler Mas P\u00f2lit &nbsp; Terra Indika Negro 2025 es una nueva expresi\u00f3n del car\u00e1cter de Celler\u00a0Mas P\u00f2lit, una bodega familiar DO Empord\u00e0 comprometida con la viticultura ecol\u00f3gica, la sostenibilidad y......<\/p><\/div><\/div><\/li><li class=\"clearfix\"><div class=\"boxes_image\"><a href=\"https:\/\/cellermaspolit.com\/es\/racons-garnatxa-2022-edicion-limitada-do-emporda\/\"><img loading=\"lazy\" decoding=\"async\" width=\"550\" height=\"498\" src=\"https:\/\/cellermaspolit.com\/wp-content\/uploads\/2025\/10\/Celler-Mas-Polit-Racons-2022-Edicion-Limitada-550x498.jpg\" class=\"attachment-portfolio-default size-portfolio-default wp-post-image\" alt=\"\" srcset=\"https:\/\/cellermaspolit.com\/wp-content\/uploads\/2025\/10\/Celler-Mas-Polit-Racons-2022-Edicion-Limitada-550x498.jpg 550w, https:\/\/cellermaspolit.com\/wp-content\/uploads\/2025\/10\/Celler-Mas-Polit-Racons-2022-Edicion-Limitada-480x434.jpg 480w, https:\/\/cellermaspolit.com\/wp-content\/uploads\/2025\/10\/Celler-Mas-Polit-Racons-2022-Edicion-Limitada-125x112.jpg 125w\" sizes=\"auto, (max-width: 550px) 100vw, 550px\" \/><span class=\"latest_post_overlay\"><i class=\"icon_plus\" aria-hidden=\"true\"><\/i><\/span><\/a><\/div><div class=\"latest_post\" ><div class=\"latest_post_text\"><h4 class=\"latest_post_title \"><a href=\"https:\/\/cellermaspolit.com\/es\/racons-garnatxa-2022-edicion-limitada-do-emporda\/\">Racons Garnatxa edici\u00f3n limitada: la esencia del vi\u00f1edo de monta\u00f1a del Empord\u00e0<\/a><\/h4><p class=\"excerpt\">Racons Garnatxa 2022 \u2013 Edici\u00f3n limitada del Celler Mas P\u00f2lit, vino ecol\u00f3gico de vi\u00f1a de monta\u00f1a DO Empord\u00e0 &nbsp; Celler Mas P\u00f2lit presenta Racons Garnatxa 2022, una nueva edici\u00f3n limitada que nace de la autenticidad del territorio, la pasi\u00f3n por la variedad garnacha y el......<\/p><\/div><\/div><\/li><li class=\"clearfix\"><div class=\"boxes_image\"><a href=\"https:\/\/cellermaspolit.com\/es\/cena-maridaje-restaurante-entre-dos-mons-celler-mas-polit\/\"><img loading=\"lazy\" decoding=\"async\" width=\"550\" height=\"498\" src=\"https:\/\/cellermaspolit.com\/wp-content\/uploads\/2025\/09\/Sopar-maridat-Celler-Mas-Polit-550x498.jpg\" class=\"attachment-portfolio-default size-portfolio-default wp-post-image\" alt=\"\" srcset=\"https:\/\/cellermaspolit.com\/wp-content\/uploads\/2025\/09\/Sopar-maridat-Celler-Mas-Polit-550x498.jpg 550w, https:\/\/cellermaspolit.com\/wp-content\/uploads\/2025\/09\/Sopar-maridat-Celler-Mas-Polit-480x434.jpg 480w, https:\/\/cellermaspolit.com\/wp-content\/uploads\/2025\/09\/Sopar-maridat-Celler-Mas-Polit-125x112.jpg 125w\" sizes=\"auto, (max-width: 550px) 100vw, 550px\" \/><span class=\"latest_post_overlay\"><i class=\"icon_plus\" aria-hidden=\"true\"><\/i><\/span><\/a><\/div><div class=\"latest_post\" ><div class=\"latest_post_text\"><h4 class=\"latest_post_title \"><a href=\"https:\/\/cellermaspolit.com\/es\/cena-maridaje-restaurante-entre-dos-mons-celler-mas-polit\/\">Maridaje en el Restaurante Entre Dos Mons y Celler Mas P\u00f2lit<\/a><\/h4><p class=\"excerpt\">Cena maridada en el Restaurante Entre Dos Mons con los vinos de Celler Mas P\u00f2lit, DO Empord\u00e0 &nbsp; El pr\u00f3ximo 10 de octubre de 2025, en Palam\u00f3s, tendr\u00e1 lugar uno de los eventos gastron\u00f3micos m\u00e1s esperados de la temporada: la cena maridada entre el Restaurante......<\/p><\/div><\/div><\/li><li class=\"clearfix\"><div class=\"boxes_image\"><a href=\"https:\/\/cellermaspolit.com\/es\/mas-polit-450-aniversario\/\"><img loading=\"lazy\" decoding=\"async\" width=\"550\" height=\"498\" src=\"https:\/\/cellermaspolit.com\/wp-content\/uploads\/2025\/04\/Mas-Polit-450-550x498.jpg\" class=\"attachment-portfolio-default size-portfolio-default wp-post-image\" alt=\"\" srcset=\"https:\/\/cellermaspolit.com\/wp-content\/uploads\/2025\/04\/Mas-Polit-450-550x498.jpg 550w, https:\/\/cellermaspolit.com\/wp-content\/uploads\/2025\/04\/Mas-Polit-450-480x434.jpg 480w, https:\/\/cellermaspolit.com\/wp-content\/uploads\/2025\/04\/Mas-Polit-450-125x112.jpg 125w\" sizes=\"auto, (max-width: 550px) 100vw, 550px\" \/><span class=\"latest_post_overlay\"><i class=\"icon_plus\" aria-hidden=\"true\"><\/i><\/span><\/a><\/div><div class=\"latest_post\" ><div class=\"latest_post_text\"><h4 class=\"latest_post_title \"><a href=\"https:\/\/cellermaspolit.com\/es\/mas-polit-450-aniversario\/\">Mas P\u00f2lit 450 aniversario<\/a><\/h4><p class=\"excerpt\">Mas P\u00f2lit 450 aniversario \u00b7 Vino exclusivo DO Empord\u00e0 edici\u00f3n limitada &nbsp; Homenaje viajando al pasado: una edici\u00f3n limitada llena de esencia Mas P\u00f2lit 450 aniversario es una edici\u00f3n especial de vino que celebra los 450 a\u00f1os de historia de la finca Mas P\u00f2lit, ubicada......<\/p><\/div><\/div><\/li><li class=\"clearfix\"><div class=\"boxes_image\"><a href=\"https:\/\/cellermaspolit.com\/es\/cena-maridaje-restaurante-ses-vinyes-begur\/\"><img loading=\"lazy\" decoding=\"async\" width=\"550\" height=\"498\" src=\"https:\/\/cellermaspolit.com\/wp-content\/uploads\/2024\/11\/Ses-Vinyes-2-550x498.jpg\" class=\"attachment-portfolio-default size-portfolio-default wp-post-image\" alt=\"\" srcset=\"https:\/\/cellermaspolit.com\/wp-content\/uploads\/2024\/11\/Ses-Vinyes-2-550x498.jpg 550w, https:\/\/cellermaspolit.com\/wp-content\/uploads\/2024\/11\/Ses-Vinyes-2-480x434.jpg 480w, https:\/\/cellermaspolit.com\/wp-content\/uploads\/2024\/11\/Ses-Vinyes-2-125x112.jpg 125w\" sizes=\"auto, (max-width: 550px) 100vw, 550px\" \/><span class=\"latest_post_overlay\"><i class=\"icon_plus\" aria-hidden=\"true\"><\/i><\/span><\/a><\/div><div class=\"latest_post\" ><div class=\"latest_post_text\"><h4 class=\"latest_post_title \"><a href=\"https:\/\/cellermaspolit.com\/es\/cena-maridaje-restaurante-ses-vinyes-begur\/\">Cena maridaje en el restaurante Ses Vinyes de Begur<\/a><\/h4><p class=\"excerpt\">Cena Mas P\u00f2lit \u00b7 Maridaje de vino DO Empord\u00e0 en el restaurante Ses Vinyes de Begur &nbsp; Celler Mas P\u00f2lit ha celebrado uno de los eventos m\u00e1s especiales de su calendario con una cena maridada exclusiva en el restaurante Ses Vinyes de Begur. La cita......<\/p><\/div><\/div><\/li><li class=\"clearfix\"><div class=\"boxes_image\"><a href=\"https:\/\/cellermaspolit.com\/es\/salon-verema-barcelona\/\"><img loading=\"lazy\" decoding=\"async\" width=\"550\" height=\"498\" src=\"https:\/\/cellermaspolit.com\/wp-content\/uploads\/2024\/10\/Celler-Mas-Polit-Salo-Verema-Barcelona-nov-550x498.jpg\" class=\"attachment-portfolio-default size-portfolio-default wp-post-image\" alt=\"\" srcset=\"https:\/\/cellermaspolit.com\/wp-content\/uploads\/2024\/10\/Celler-Mas-Polit-Salo-Verema-Barcelona-nov-550x498.jpg 550w, https:\/\/cellermaspolit.com\/wp-content\/uploads\/2024\/10\/Celler-Mas-Polit-Salo-Verema-Barcelona-nov-480x434.jpg 480w, https:\/\/cellermaspolit.com\/wp-content\/uploads\/2024\/10\/Celler-Mas-Polit-Salo-Verema-Barcelona-nov-125x112.jpg 125w\" sizes=\"auto, (max-width: 550px) 100vw, 550px\" \/><span class=\"latest_post_overlay\"><i class=\"icon_plus\" aria-hidden=\"true\"><\/i><\/span><\/a><\/div><div class=\"latest_post\" ><div class=\"latest_post_text\"><h4 class=\"latest_post_title \"><a href=\"https:\/\/cellermaspolit.com\/es\/salon-verema-barcelona\/\">Celler Mas P\u00f2lit en el Sal\u00f3n Verema, Barcelona<\/a><\/h4><p class=\"excerpt\">Celler Mas P\u00f2lit en el Sal\u00f3n Verema Barcelona: vinos ecol\u00f3gicos y de vi\u00f1edo de monta\u00f1a DO Empord\u00e0 &nbsp; Celler Mas P\u00f2lit estuvo presente en el Sal\u00f3n Verema Barcelona, uno de los encuentros m\u00e1s prestigiosos del vino en Catalu\u00f1a y en todo el Estado. Este evento......<\/p><\/div><\/div><\/li><li class=\"clearfix\"><div class=\"boxes_image\"><a href=\"https:\/\/cellermaspolit.com\/es\/el-racones-vinario-de-plata-2023\/\"><img loading=\"lazy\" decoding=\"async\" width=\"550\" height=\"498\" src=\"https:\/\/cellermaspolit.com\/wp-content\/uploads\/2024\/02\/Celler-Mas-Polit-El-Racons-vinari-de-plata-2023-550x498.jpg\" class=\"attachment-portfolio-default size-portfolio-default wp-post-image\" alt=\"\" srcset=\"https:\/\/cellermaspolit.com\/wp-content\/uploads\/2024\/02\/Celler-Mas-Polit-El-Racons-vinari-de-plata-2023-550x498.jpg 550w, https:\/\/cellermaspolit.com\/wp-content\/uploads\/2024\/02\/Celler-Mas-Polit-El-Racons-vinari-de-plata-2023-480x434.jpg 480w, https:\/\/cellermaspolit.com\/wp-content\/uploads\/2024\/02\/Celler-Mas-Polit-El-Racons-vinari-de-plata-2023-125x112.jpg 125w\" sizes=\"auto, (max-width: 550px) 100vw, 550px\" \/><span class=\"latest_post_overlay\"><i class=\"icon_plus\" aria-hidden=\"true\"><\/i><\/span><\/a><\/div><div class=\"latest_post\" ><div class=\"latest_post_text\"><h4 class=\"latest_post_title \"><a href=\"https:\/\/cellermaspolit.com\/es\/el-racones-vinario-de-plata-2023\/\">Racons de Celler Mas P\u00f2lit, Premios Vinari de Plata 2023<\/a><\/h4><p class=\"excerpt\">Racons de Celler Mas P\u00f2lit, vino ecol\u00f3gico de vi\u00f1edo de monta\u00f1a galardonado con el Vinari de Plata 2023. &nbsp; El vino Racons de Celler Mas P\u00f2lit ha sido galardonado con el Premio Vinari de Plata 2023, un reconocimiento que sit\u00faa esta referencia entre los vinos......<\/p><\/div><\/div><\/li><li class=\"clearfix\"><div class=\"boxes_image\"><a href=\"https:\/\/cellermaspolit.com\/es\/ya-tenemos-el-clarinete-2023\/\"><img loading=\"lazy\" decoding=\"async\" width=\"550\" height=\"498\" src=\"https:\/\/cellermaspolit.com\/wp-content\/uploads\/2024\/02\/Celler-Mas-Polit-Ja-tenim-el-CLARINET-2023-550x498.jpg\" class=\"attachment-portfolio-default size-portfolio-default wp-post-image\" alt=\"\" srcset=\"https:\/\/cellermaspolit.com\/wp-content\/uploads\/2024\/02\/Celler-Mas-Polit-Ja-tenim-el-CLARINET-2023-550x498.jpg 550w, https:\/\/cellermaspolit.com\/wp-content\/uploads\/2024\/02\/Celler-Mas-Polit-Ja-tenim-el-CLARINET-2023-480x434.jpg 480w, https:\/\/cellermaspolit.com\/wp-content\/uploads\/2024\/02\/Celler-Mas-Polit-Ja-tenim-el-CLARINET-2023-125x112.jpg 125w\" sizes=\"auto, (max-width: 550px) 100vw, 550px\" \/><span class=\"latest_post_overlay\"><i class=\"icon_plus\" aria-hidden=\"true\"><\/i><\/span><\/a><\/div><div class=\"latest_post\" ><div class=\"latest_post_text\"><h4 class=\"latest_post_title \"><a href=\"https:\/\/cellermaspolit.com\/es\/ya-tenemos-el-clarinete-2023\/\">Ya tenemos el Clar i Net 2023<\/a><\/h4><p class=\"excerpt\">Clar i Net 2023: vino ecol\u00f3gico DO Empord\u00e0 de vi\u00f1edo de monta\u00f1a &nbsp; Ya est\u00e1 aqu\u00ed el Clar i Net 2023, el blanco m\u00e1s puro y refrescante del Celler Mas P\u00f2lit. Una nueva a\u00f1ada que reafirma nuestro compromiso con el vino ecol\u00f3gico del Empord\u00e0, la......<\/p><\/div><\/div><\/li><li class=\"clearfix\"><div class=\"boxes_image\"><a href=\"https:\/\/cellermaspolit.com\/es\/estuche-de-tres-botellas\/\"><img loading=\"lazy\" decoding=\"async\" width=\"550\" height=\"498\" src=\"https:\/\/cellermaspolit.com\/wp-content\/uploads\/2022\/12\/Celler-Mas-Polit-estoig-de-3-ampolles-550x498.jpg\" class=\"attachment-portfolio-default size-portfolio-default wp-post-image\" alt=\"\" srcset=\"https:\/\/cellermaspolit.com\/wp-content\/uploads\/2022\/12\/Celler-Mas-Polit-estoig-de-3-ampolles-550x498.jpg 550w, https:\/\/cellermaspolit.com\/wp-content\/uploads\/2022\/12\/Celler-Mas-Polit-estoig-de-3-ampolles-480x434.jpg 480w, https:\/\/cellermaspolit.com\/wp-content\/uploads\/2022\/12\/Celler-Mas-Polit-estoig-de-3-ampolles-125x112.jpg 125w\" sizes=\"auto, (max-width: 550px) 100vw, 550px\" \/><span class=\"latest_post_overlay\"><i class=\"icon_plus\" aria-hidden=\"true\"><\/i><\/span><\/a><\/div><div class=\"latest_post\" ><div class=\"latest_post_text\"><h4 class=\"latest_post_title \"><a href=\"https:\/\/cellermaspolit.com\/es\/estuche-de-tres-botellas\/\">Estuche de tres botellas<\/a><\/h4><p class=\"excerpt\">Estuche de tres botellas: el regalo perfecto con los vinos de Celler Mas P\u00f2lit &nbsp; Si buscas un regalo excepcional para amantes del vino, o simplemente quieres descubrir los mejores vinos del Empord\u00e0, el Estuche de tres botellas de Celler Mas P\u00f2lit es la soluci\u00f3n......<\/p><\/div><\/div><\/li><li class=\"clearfix\"><div class=\"boxes_image\"><a href=\"https:\/\/cellermaspolit.com\/es\/maridaje-terra-indika-rosado\/\"><img loading=\"lazy\" decoding=\"async\" width=\"550\" height=\"498\" src=\"https:\/\/cellermaspolit.com\/wp-content\/uploads\/2022\/11\/Celler-Mas-Polit-Maridant-el-Terra-Indika-Rosat-550x498.jpg\" class=\"attachment-portfolio-default size-portfolio-default wp-post-image\" alt=\"\" srcset=\"https:\/\/cellermaspolit.com\/wp-content\/uploads\/2022\/11\/Celler-Mas-Polit-Maridant-el-Terra-Indika-Rosat-550x498.jpg 550w, https:\/\/cellermaspolit.com\/wp-content\/uploads\/2022\/11\/Celler-Mas-Polit-Maridant-el-Terra-Indika-Rosat-480x434.jpg 480w, https:\/\/cellermaspolit.com\/wp-content\/uploads\/2022\/11\/Celler-Mas-Polit-Maridant-el-Terra-Indika-Rosat-125x112.jpg 125w\" sizes=\"auto, (max-width: 550px) 100vw, 550px\" \/><span class=\"latest_post_overlay\"><i class=\"icon_plus\" aria-hidden=\"true\"><\/i><\/span><\/a><\/div><div class=\"latest_post\" ><div class=\"latest_post_text\"><h4 class=\"latest_post_title \"><a href=\"https:\/\/cellermaspolit.com\/es\/maridaje-terra-indika-rosado\/\">Maridaje Terra Indika Rosado<\/a><\/h4><p class=\"excerpt\">Maridando Terra Indika Rosado: vino ecol\u00f3gico DO Empord\u00e0 con frescor mediterr\u00e1nea &nbsp; Terra Indika rosado del Celler Mas P\u00f2lit es un vino fresco, arom\u00e1tico y vers\u00e1til, pensado para disfrutar en m\u00faltiples ocasiones y con una gran variedad de platos. Elaborado a partir de vi\u00f1edos de......<\/p><\/div><\/div><\/li><li class=\"clearfix\"><div class=\"boxes_image\"><a href=\"https:\/\/cellermaspolit.com\/es\/sopar-maridad-vicus\/\"><img loading=\"lazy\" decoding=\"async\" width=\"550\" height=\"498\" src=\"https:\/\/cellermaspolit.com\/wp-content\/uploads\/2022\/10\/6.-Vicus-post-portada-550x498.jpg\" class=\"attachment-portfolio-default size-portfolio-default wp-post-image\" alt=\"\" srcset=\"https:\/\/cellermaspolit.com\/wp-content\/uploads\/2022\/10\/6.-Vicus-post-portada-550x498.jpg 550w, https:\/\/cellermaspolit.com\/wp-content\/uploads\/2022\/10\/6.-Vicus-post-portada-480x434.jpg 480w, https:\/\/cellermaspolit.com\/wp-content\/uploads\/2022\/10\/6.-Vicus-post-portada-125x112.jpg 125w\" sizes=\"auto, (max-width: 550px) 100vw, 550px\" \/><span class=\"latest_post_overlay\"><i class=\"icon_plus\" aria-hidden=\"true\"><\/i><\/span><\/a><\/div><div class=\"latest_post\" ><div class=\"latest_post_text\"><h4 class=\"latest_post_title \"><a href=\"https:\/\/cellermaspolit.com\/es\/sopar-maridad-vicus\/\">Cena maridaje en el restaurante Vicus de Pals<\/a><\/h4><p class=\"excerpt\">Cena maridaje en el restaurante Vicus de Pals con los vinos del Celler Mas P\u00f2lit &nbsp; La cena maridaje en el restaurante Vicus de Pals es una de las experiencias gastron\u00f3micas m\u00e1s destacadas de la Costa Brava. Un entorno id\u00edlico, un restaurante con alma y......<\/p><\/div><\/div><\/li><li class=\"clearfix\"><div class=\"boxes_image\"><a href=\"https:\/\/cellermaspolit.com\/es\/mural-del-logo-de-la-bodega\/\"><img loading=\"lazy\" decoding=\"async\" width=\"550\" height=\"498\" src=\"https:\/\/cellermaspolit.com\/wp-content\/uploads\/2022\/05\/Celler-Mas-Polit-Mural-550x498.jpg\" class=\"attachment-portfolio-default size-portfolio-default wp-post-image\" alt=\"\" srcset=\"https:\/\/cellermaspolit.com\/wp-content\/uploads\/2022\/05\/Celler-Mas-Polit-Mural-550x498.jpg 550w, https:\/\/cellermaspolit.com\/wp-content\/uploads\/2022\/05\/Celler-Mas-Polit-Mural-480x434.jpg 480w, https:\/\/cellermaspolit.com\/wp-content\/uploads\/2022\/05\/Celler-Mas-Polit-Mural-125x112.jpg 125w\" sizes=\"auto, (max-width: 550px) 100vw, 550px\" \/><span class=\"latest_post_overlay\"><i class=\"icon_plus\" aria-hidden=\"true\"><\/i><\/span><\/a><\/div><div class=\"latest_post\" ><div class=\"latest_post_text\"><h4 class=\"latest_post_title \"><a href=\"https:\/\/cellermaspolit.com\/es\/mural-del-logo-de-la-bodega\/\">Mural del logo de la bodega<\/a><\/h4><p class=\"excerpt\">Mural del logo de Celler Mas P\u00f2lit: arte, territorio y vino ecol\u00f3gico del Empord\u00e0 &nbsp; El MURAL DEL LOGO DE LA BODEGA es mucho m\u00e1s que una intervenci\u00f3n decorativa: es una declaraci\u00f3n de intenciones, una pieza visual que comunica la identidad, la historia y los......<\/p><\/div><\/div><\/li><li class=\"clearfix\"><div class=\"boxes_image\"><a href=\"https:\/\/cellermaspolit.com\/es\/participamos-en-el-viart-2022\/\"><img loading=\"lazy\" decoding=\"async\" width=\"550\" height=\"498\" src=\"https:\/\/cellermaspolit.com\/wp-content\/uploads\/2022\/04\/Celler-Mas-Polit-Viart-2022-550x498.jpg\" class=\"attachment-portfolio-default size-portfolio-default wp-post-image\" alt=\"\" srcset=\"https:\/\/cellermaspolit.com\/wp-content\/uploads\/2022\/04\/Celler-Mas-Polit-Viart-2022-550x498.jpg 550w, https:\/\/cellermaspolit.com\/wp-content\/uploads\/2022\/04\/Celler-Mas-Polit-Viart-2022-480x434.jpg 480w, https:\/\/cellermaspolit.com\/wp-content\/uploads\/2022\/04\/Celler-Mas-Polit-Viart-2022-125x112.jpg 125w\" sizes=\"auto, (max-width: 550px) 100vw, 550px\" \/><span class=\"latest_post_overlay\"><i class=\"icon_plus\" aria-hidden=\"true\"><\/i><\/span><\/a><\/div><div class=\"latest_post\" ><div class=\"latest_post_text\"><h4 class=\"latest_post_title \"><a href=\"https:\/\/cellermaspolit.com\/es\/participamos-en-el-viart-2022\/\">Participamos en el ViArt 2022<\/a><\/h4><p class=\"excerpt\">Participamos en ViArt 2022: arte, cultura y vinos ecol\u00f3gicos del Empord\u00e0 &nbsp; El Celler Mas P\u00f2lit particip\u00f3 activamente en el ViArt 2022, una de las citas m\u00e1s emblem\u00e1ticas de la comarca del Empord\u00e0 donde se encuentran dos pasiones que definen nuestra identidad: el vino y......<\/p><\/div><\/div><\/li><li class=\"clearfix\"><div class=\"boxes_image\"><a href=\"https:\/\/cellermaspolit.com\/es\/ha-salido-terra-indika-rosado-2021\/\"><img loading=\"lazy\" decoding=\"async\" width=\"550\" height=\"498\" src=\"https:\/\/cellermaspolit.com\/wp-content\/uploads\/2022\/03\/Celler-Mas-Polit-Terra-Indika-rost-2021-550x498.jpg\" class=\"attachment-portfolio-default size-portfolio-default wp-post-image\" alt=\"\" srcset=\"https:\/\/cellermaspolit.com\/wp-content\/uploads\/2022\/03\/Celler-Mas-Polit-Terra-Indika-rost-2021-550x498.jpg 550w, https:\/\/cellermaspolit.com\/wp-content\/uploads\/2022\/03\/Celler-Mas-Polit-Terra-Indika-rost-2021-480x434.jpg 480w, https:\/\/cellermaspolit.com\/wp-content\/uploads\/2022\/03\/Celler-Mas-Polit-Terra-Indika-rost-2021-125x112.jpg 125w\" sizes=\"auto, (max-width: 550px) 100vw, 550px\" \/><span class=\"latest_post_overlay\"><i class=\"icon_plus\" aria-hidden=\"true\"><\/i><\/span><\/a><\/div><div class=\"latest_post\" ><div class=\"latest_post_text\"><h4 class=\"latest_post_title \"><a href=\"https:\/\/cellermaspolit.com\/es\/ha-salido-terra-indika-rosado-2021\/\">Ha salido TERRA INDIKA Rosado 2021<\/a><\/h4><p class=\"excerpt\">Un nuevo vino ecol\u00f3gico del Empord\u00e0 con alma mediterr\u00e1nea &nbsp; Ya tenemos entre nosotros el nuevo TERRA INDIKA Rosado 2021, una a\u00f1ada que llega llena de frescor, elegancia y autenticidad. Este vino ecol\u00f3gico del Empord\u00e0 refleja como ning\u00fan otro el esp\u00edritu de nuestro paisaje: la......<\/p><\/div><\/div><\/li><li class=\"clearfix\"><div class=\"boxes_image\"><a href=\"https:\/\/cellermaspolit.com\/es\/nou-blanc-de-negre-2021\/\"><img loading=\"lazy\" decoding=\"async\" width=\"550\" height=\"498\" src=\"https:\/\/cellermaspolit.com\/wp-content\/uploads\/2025\/10\/Celler-Mas-Polit-Clar-i-Net-2021-550x498.jpg\" class=\"attachment-portfolio-default size-portfolio-default wp-post-image\" alt=\"\" srcset=\"https:\/\/cellermaspolit.com\/wp-content\/uploads\/2025\/10\/Celler-Mas-Polit-Clar-i-Net-2021-550x498.jpg 550w, https:\/\/cellermaspolit.com\/wp-content\/uploads\/2025\/10\/Celler-Mas-Polit-Clar-i-Net-2021-480x434.jpg 480w, https:\/\/cellermaspolit.com\/wp-content\/uploads\/2025\/10\/Celler-Mas-Polit-Clar-i-Net-2021-125x112.jpg 125w\" sizes=\"auto, (max-width: 550px) 100vw, 550px\" \/><span class=\"latest_post_overlay\"><i class=\"icon_plus\" aria-hidden=\"true\"><\/i><\/span><\/a><\/div><div class=\"latest_post\" ><div class=\"latest_post_text\"><h4 class=\"latest_post_title \"><a href=\"https:\/\/cellermaspolit.com\/es\/nou-blanc-de-negre-2021\/\">Nuevo blanco de uva tinta Clar i Net 2021<\/a><\/h4><p class=\"excerpt\">El nuevo blanco de uva tinta Clar i Net 2021: vino ecol\u00f3gico del Empord\u00e0 &nbsp; Descubrimos con entusiasmo el nuevo blanco de uva tinta Clar i Net 2021, una a\u00f1ada que combina frescura, elegancia y autenticidad. Este vino ecol\u00f3gico del Empord\u00e0 es una expresi\u00f3n perfecta......<\/p><\/div><\/div><\/li><li class=\"clearfix\"><div class=\"boxes_image\"><a href=\"https:\/\/cellermaspolit.com\/es\/celler-mas-polit-en-winetourism\/\"><img loading=\"lazy\" decoding=\"async\" width=\"550\" height=\"498\" src=\"https:\/\/cellermaspolit.com\/wp-content\/uploads\/2022\/02\/Celler-Mas-Polit-Winetourism01-550x498.jpg\" class=\"attachment-portfolio-default size-portfolio-default wp-post-image\" alt=\"\" srcset=\"https:\/\/cellermaspolit.com\/wp-content\/uploads\/2022\/02\/Celler-Mas-Polit-Winetourism01-550x498.jpg 550w, https:\/\/cellermaspolit.com\/wp-content\/uploads\/2022\/02\/Celler-Mas-Polit-Winetourism01-480x434.jpg 480w, https:\/\/cellermaspolit.com\/wp-content\/uploads\/2022\/02\/Celler-Mas-Polit-Winetourism01-125x112.jpg 125w\" sizes=\"auto, (max-width: 550px) 100vw, 550px\" \/><span class=\"latest_post_overlay\"><i class=\"icon_plus\" aria-hidden=\"true\"><\/i><\/span><\/a><\/div><div class=\"latest_post\" ><div class=\"latest_post_text\"><h4 class=\"latest_post_title \"><a href=\"https:\/\/cellermaspolit.com\/es\/celler-mas-polit-en-winetourism\/\">Celler Mas P\u00f2lit en Winetourism<\/a><\/h4><p class=\"excerpt\">Celler Mas P\u00f2lit en Winetourism: la bodega ecol\u00f3gica de Empord\u00e0 que conquista el enoturismo internacional &nbsp; Celler Mas P\u00f2lit sigue dando pasos adelante en su camino de reconocimiento y proyecci\u00f3n internacional. Su incorporaci\u00f3n a la plataforma Winetourism.com, uno de los portales de enoturismo m\u00e1s importantes......<\/p><\/div><\/div><\/li><li class=\"clearfix\"><div class=\"boxes_image\"><a href=\"https:\/\/cellermaspolit.com\/es\/celler-mas-polit-en-la-revista-sueca-vinjournalen\/\"><img loading=\"lazy\" decoding=\"async\" width=\"550\" height=\"498\" src=\"https:\/\/cellermaspolit.com\/wp-content\/uploads\/2022\/02\/Celler-Mas-Polit-Vinjournalen-550x498.jpg\" class=\"attachment-portfolio-default size-portfolio-default wp-post-image\" alt=\"\" srcset=\"https:\/\/cellermaspolit.com\/wp-content\/uploads\/2022\/02\/Celler-Mas-Polit-Vinjournalen-550x498.jpg 550w, https:\/\/cellermaspolit.com\/wp-content\/uploads\/2022\/02\/Celler-Mas-Polit-Vinjournalen-480x434.jpg 480w, https:\/\/cellermaspolit.com\/wp-content\/uploads\/2022\/02\/Celler-Mas-Polit-Vinjournalen-125x112.jpg 125w\" sizes=\"auto, (max-width: 550px) 100vw, 550px\" \/><span class=\"latest_post_overlay\"><i class=\"icon_plus\" aria-hidden=\"true\"><\/i><\/span><\/a><\/div><div class=\"latest_post\" ><div class=\"latest_post_text\"><h4 class=\"latest_post_title \"><a href=\"https:\/\/cellermaspolit.com\/es\/celler-mas-polit-en-la-revista-sueca-vinjournalen\/\">Celler Mas P\u00f2lit en la revista sueca Vinjournalen<\/a><\/h4><p class=\"excerpt\">Celler Mas P\u00f2lit en la revista sueca Vinjournalen: el vino ecol\u00f3gico del Empord\u00e0 que conquista Europa &nbsp; Celler Mas P\u00f2lit sigue abriendo caminos m\u00e1s all\u00e1 del Empord\u00e0. Recientemente, nuestro proyecto ha sido destacado en la prestigiosa revista sueca Vinjournalen.se, una de las publicaciones m\u00e1s le\u00eddas......<\/p><\/div><\/div><\/li><li class=\"clearfix\"><div class=\"boxes_image\"><a href=\"https:\/\/cellermaspolit.com\/es\/mas-polit-premiado-con-dos-vinari-dor\/\"><img loading=\"lazy\" decoding=\"async\" width=\"550\" height=\"498\" src=\"https:\/\/cellermaspolit.com\/wp-content\/uploads\/2022\/02\/Celler-Mas-Polit-Vinari-dOr-550x498.jpg\" class=\"attachment-portfolio-default size-portfolio-default wp-post-image\" alt=\"\" srcset=\"https:\/\/cellermaspolit.com\/wp-content\/uploads\/2022\/02\/Celler-Mas-Polit-Vinari-dOr-550x498.jpg 550w, https:\/\/cellermaspolit.com\/wp-content\/uploads\/2022\/02\/Celler-Mas-Polit-Vinari-dOr-480x434.jpg 480w, https:\/\/cellermaspolit.com\/wp-content\/uploads\/2022\/02\/Celler-Mas-Polit-Vinari-dOr-125x112.jpg 125w\" sizes=\"auto, (max-width: 550px) 100vw, 550px\" \/><span class=\"latest_post_overlay\"><i class=\"icon_plus\" aria-hidden=\"true\"><\/i><\/span><\/a><\/div><div class=\"latest_post\" ><div class=\"latest_post_text\"><h4 class=\"latest_post_title \"><a href=\"https:\/\/cellermaspolit.com\/es\/mas-polit-premiado-con-dos-vinari-dor\/\">Mas P\u00f2lit y los Vinaris de Oro: el Empord\u00e0 reconoce una bodega ecol\u00f3gica con vinos de monta\u00f1a<\/a><\/h4><p class=\"excerpt\">Mas P\u00f2lit premiado con dos Vinaris de Oro: reconocimiento a la viticultura ecol\u00f3gica del Empord\u00e0 &nbsp; Celler Mas P\u00f2lit celebra un momento hist\u00f3rico: hemos sido premiados con dos Vinaris de Oro, un reconocimiento que destaca la calidad de nuestros vinos y el largo y discreto......<\/p><\/div><\/div><\/li><\/ul><\/div>[\/vc_column][\/vc_row][vc_row row_type=\u00bbrow\u00bb use_row_as_full_screen_section=\u00bbno\u00bb type=\u00bbfull_width\u00bb text_align=\u00bbleft\u00bb background_animation=\u00bbnone\u00bb css_animation=\u00bb\u00bb][vc_column][vc_empty_space height=\u00bb120px\u00bb][\/vc_column][\/vc_row]<\/p>\n<\/div>","protected":false},"excerpt":{"rendered":"<p>[vc_row row_type=\u00bbrow\u00bb use_row_as_full_screen_section=\u00bbno\u00bb type=\u00bbfull_width\u00bb text_align=\u00bbleft\u00bb background_animation=\u00bbnone\u00bb css_animation=\u00bb\u00bb][vc_column][vc_row_inner row_type=\u00bbrow\u00bb type=\u00bbgrid\u00bb use_row_as_full_screen_section_slide=\u00bbno\u00bb text_align=\u00bbcenter\u00bb css_animation=\u00bb\u00bb][vc_column_inner][vc_empty_space height=\u00bb60px\u00bb][vc_column_text css=\u00bb\u00bb] Noticias [\/vc_column_text][vc_empty_space height=\u00bb60px\u00bb][\/vc_column_inner][\/vc_row_inner][\/vc_column][\/vc_row][vc_row row_type=\u00bbrow\u00bb use_row_as_full_screen_section=\u00bbno\u00bb type=\u00bbgrid\u00bb text_align=\u00bbleft\u00bb background_animation=\u00bbnone\u00bb css_animation=\u00bb\u00bb][vc_column][\/vc_column][\/vc_row][vc_row row_type=\u00bbrow\u00bb use_row_as_full_screen_section=\u00bbno\u00bb type=\u00bbfull_width\u00bb text_align=\u00bbleft\u00bb background_animation=\u00bbnone\u00bb css_animation=\u00bb\u00bb][vc_column][vc_empty_space height=\u00bb120px\u00bb][\/vc_column][\/vc_row]<\/p>\n","protected":false},"author":1,"featured_media":0,"parent":0,"menu_order":0,"comment_status":"closed","ping_status":"closed","template":"full_width.php","meta":{"footnotes":""},"class_list":["post-900","page","type-page","status-publish","hentry"],"yoast_head":"<!-- This site is optimized with the Yoast SEO plugin v28.3 - https:\/\/yoast.com\/product\/yoast-seo-wordpress\/ -->\n<title>Noticias - Celler Mas P\u00f2lit | DO Empord\u00e0<\/title>\n<meta name=\"description\" content=\"\u00daltimas noticias del Celler Mas P\u00f2lit: novedades sobre vinos ecol\u00f3gicos DO Empord\u00e0, enoturismo y actividades de nuestra bodega familiar.\" \/>\n<meta name=\"robots\" content=\"index, follow, max-snippet:-1, max-image-preview:large, max-video-preview:-1\" \/>\n<link rel=\"canonical\" href=\"https:\/\/cellermaspolit.com\/es\/noticias\/\" \/>\n<meta property=\"og:locale\" content=\"es_ES\" \/>\n<meta property=\"og:type\" content=\"article\" \/>\n<meta property=\"og:title\" content=\"Noticias - Celler Mas P\u00f2lit | DO Empord\u00e0\" \/>\n<meta property=\"og:description\" content=\"\u00daltimas noticias del Celler Mas P\u00f2lit: novedades sobre vinos ecol\u00f3gicos DO Empord\u00e0, enoturismo y actividades de nuestra bodega familiar.\" \/>\n<meta property=\"og:url\" content=\"https:\/\/cellermaspolit.com\/es\/noticias\/\" \/>\n<meta property=\"og:site_name\" content=\"Celler Mas P\u00f2lit | DO Empord\u00e0\" \/>\n<meta property=\"article:modified_time\" content=\"2026-08-17T14:52:55+00:00\" \/>\n<meta name=\"twitter:label1\" content=\"Tiempo de lectura\" \/>\n\t<meta name=\"twitter:data1\" content=\"1 minuto\" \/>\n<script type=\"application\/ld+json\" class=\"yoast-schema-graph\">{\"@context\":\"https:\\\/\\\/schema.org\",\"@graph\":[{\"@type\":\"WebPage\",\"@id\":\"https:\\\/\\\/cellermaspolit.com\\\/es\\\/noticias\\\/\",\"url\":\"https:\\\/\\\/cellermaspolit.com\\\/es\\\/noticias\\\/\",\"name\":\"Noticias - Celler Mas P\u00f2lit | DO Empord\u00e0\",\"isPartOf\":{\"@id\":\"https:\\\/\\\/cellermaspolit.com\\\/es\\\/#website\"},\"datePublished\":\"2022-02-16T15:07:32+00:00\",\"dateModified\":\"2026-08-17T14:52:55+00:00\",\"description\":\"\u00daltimas noticias del Celler Mas P\u00f2lit: novedades sobre vinos ecol\u00f3gicos DO Empord\u00e0, enoturismo y actividades de nuestra bodega familiar.\",\"breadcrumb\":{\"@id\":\"https:\\\/\\\/cellermaspolit.com\\\/es\\\/noticias\\\/#breadcrumb\"},\"inLanguage\":\"es\",\"potentialAction\":[{\"@type\":\"ReadAction\",\"target\":[\"https:\\\/\\\/cellermaspolit.com\\\/es\\\/noticias\\\/\"]}]},{\"@type\":\"BreadcrumbList\",\"@id\":\"https:\\\/\\\/cellermaspolit.com\\\/es\\\/noticias\\\/#breadcrumb\",\"itemListElement\":[{\"@type\":\"ListItem\",\"position\":1,\"name\":\"Inici\",\"item\":\"https:\\\/\\\/cellermaspolit.com\\\/es\\\/\"},{\"@type\":\"ListItem\",\"position\":2,\"name\":\"Noticias\"}]},{\"@type\":\"WebSite\",\"@id\":\"https:\\\/\\\/cellermaspolit.com\\\/es\\\/#website\",\"url\":\"https:\\\/\\\/cellermaspolit.com\\\/es\\\/\",\"name\":\"Celler Mas P\u00f2lit\",\"description\":\"DO Empord\u00e0. Vi ecol\u00f2gic. Premis al millor vi de crian\u00e7a de Catalunya i al millor vi de la D.O. Empord\u00e0\",\"publisher\":{\"@id\":\"https:\\\/\\\/cellermaspolit.com\\\/es\\\/#organization\"},\"potentialAction\":[{\"@type\":\"SearchAction\",\"target\":{\"@type\":\"EntryPoint\",\"urlTemplate\":\"https:\\\/\\\/cellermaspolit.com\\\/es\\\/?s={search_term_string}\"},\"query-input\":{\"@type\":\"PropertyValueSpecification\",\"valueRequired\":true,\"valueName\":\"search_term_string\"}}],\"inLanguage\":\"es\"},{\"@type\":\"Organization\",\"@id\":\"https:\\\/\\\/cellermaspolit.com\\\/es\\\/#organization\",\"name\":\"Celler Mas P\u00f2lit\",\"url\":\"https:\\\/\\\/cellermaspolit.com\\\/es\\\/\",\"logo\":{\"@type\":\"ImageObject\",\"inLanguage\":\"es\",\"@id\":\"https:\\\/\\\/cellermaspolit.com\\\/es\\\/#\\\/schema\\\/logo\\\/image\\\/\",\"url\":\"http:\\\/\\\/cellermaspolit.com\\\/wp-content\\\/uploads\\\/2021\\\/12\\\/Logo-provisional.jpg\",\"contentUrl\":\"http:\\\/\\\/cellermaspolit.com\\\/wp-content\\\/uploads\\\/2021\\\/12\\\/Logo-provisional.jpg\",\"width\":400,\"height\":103,\"caption\":\"Celler Mas P\u00f2lit\"},\"image\":{\"@id\":\"https:\\\/\\\/cellermaspolit.com\\\/es\\\/#\\\/schema\\\/logo\\\/image\\\/\"},\"sameAs\":[\"https:\\\/\\\/www.instagram.com\\\/cellermaspolit\"]}]}<\/script>\n<!-- \/ Yoast SEO plugin. -->","yoast_head_json":{"title":"Noticias - Celler Mas P\u00f2lit | DO Empord\u00e0","description":"\u00daltimas noticias del Celler Mas P\u00f2lit: novedades sobre vinos ecol\u00f3gicos DO Empord\u00e0, enoturismo y actividades de nuestra bodega familiar.","robots":{"index":"index","follow":"follow","max-snippet":"max-snippet:-1","max-image-preview":"max-image-preview:large","max-video-preview":"max-video-preview:-1"},"canonical":"https:\/\/cellermaspolit.com\/es\/noticias\/","og_locale":"es_ES","og_type":"article","og_title":"Noticias - Celler Mas P\u00f2lit | DO Empord\u00e0","og_description":"\u00daltimas noticias del Celler Mas P\u00f2lit: novedades sobre vinos ecol\u00f3gicos DO Empord\u00e0, enoturismo y actividades de nuestra bodega familiar.","og_url":"https:\/\/cellermaspolit.com\/es\/noticias\/","og_site_name":"Celler Mas P\u00f2lit | DO Empord\u00e0","article_modified_time":"2026-08-17T14:52:55+00:00","twitter_misc":{"Tiempo de lectura":"1 minuto"},"schema":{"@context":"https:\/\/schema.org","@graph":[{"@type":"WebPage","@id":"https:\/\/cellermaspolit.com\/es\/noticias\/","url":"https:\/\/cellermaspolit.com\/es\/noticias\/","name":"Noticias - Celler Mas P\u00f2lit | DO Empord\u00e0","isPartOf":{"@id":"https:\/\/cellermaspolit.com\/es\/#website"},"datePublished":"2022-02-16T15:07:32+00:00","dateModified":"2026-08-17T14:52:55+00:00","description":"\u00daltimas noticias del Celler Mas P\u00f2lit: novedades sobre vinos ecol\u00f3gicos DO Empord\u00e0, enoturismo y actividades de nuestra bodega familiar.","breadcrumb":{"@id":"https:\/\/cellermaspolit.com\/es\/noticias\/#breadcrumb"},"inLanguage":"es","potentialAction":[{"@type":"ReadAction","target":["https:\/\/cellermaspolit.com\/es\/noticias\/"]}]},{"@type":"BreadcrumbList","@id":"https:\/\/cellermaspolit.com\/es\/noticias\/#breadcrumb","itemListElement":[{"@type":"ListItem","position":1,"name":"Inici","item":"https:\/\/cellermaspolit.com\/es\/"},{"@type":"ListItem","position":2,"name":"Noticias"}]},{"@type":"WebSite","@id":"https:\/\/cellermaspolit.com\/es\/#website","url":"https:\/\/cellermaspolit.com\/es\/","name":"Celler Mas P\u00f2lit","description":"DO Empord\u00e0. Vi ecol\u00f2gic. Premis al millor vi de crian\u00e7a de Catalunya i al millor vi de la D.O. Empord\u00e0","publisher":{"@id":"https:\/\/cellermaspolit.com\/es\/#organization"},"potentialAction":[{"@type":"SearchAction","target":{"@type":"EntryPoint","urlTemplate":"https:\/\/cellermaspolit.com\/es\/?s={search_term_string}"},"query-input":{"@type":"PropertyValueSpecification","valueRequired":true,"valueName":"search_term_string"}}],"inLanguage":"es"},{"@type":"Organization","@id":"https:\/\/cellermaspolit.com\/es\/#organization","name":"Celler Mas P\u00f2lit","url":"https:\/\/cellermaspolit.com\/es\/","logo":{"@type":"ImageObject","inLanguage":"es","@id":"https:\/\/cellermaspolit.com\/es\/#\/schema\/logo\/image\/","url":"http:\/\/cellermaspolit.com\/wp-content\/uploads\/2021\/12\/Logo-provisional.jpg","contentUrl":"http:\/\/cellermaspolit.com\/wp-content\/uploads\/2021\/12\/Logo-provisional.jpg","width":400,"height":103,"caption":"Celler Mas P\u00f2lit"},"image":{"@id":"https:\/\/cellermaspolit.com\/es\/#\/schema\/logo\/image\/"},"sameAs":["https:\/\/www.instagram.com\/cellermaspolit"]}]}},"_links":{"self":[{"href":"https:\/\/cellermaspolit.com\/es\/wp-json\/wp\/v2\/pages\/900","targetHints":{"allow":["GET"]}}],"collection":[{"href":"https:\/\/cellermaspolit.com\/es\/wp-json\/wp\/v2\/pages"}],"about":[{"href":"https:\/\/cellermaspolit.com\/es\/wp-json\/wp\/v2\/types\/page"}],"author":[{"embeddable":true,"href":"https:\/\/cellermaspolit.com\/es\/wp-json\/wp\/v2\/users\/1"}],"replies":[{"embeddable":true,"href":"https:\/\/cellermaspolit.com\/es\/wp-json\/wp\/v2\/comments?post=900"}],"version-history":[{"count":0,"href":"https:\/\/cellermaspolit.com\/es\/wp-json\/wp\/v2\/pages\/900\/revisions"}],"wp:attachment":[{"href":"https:\/\/cellermaspolit.com\/es\/wp-json\/wp\/v2\/media?parent=900"}],"curies":[{"name":"wp","href":"https:\/\/api.w.org\/{rel}","templated":true}]}}