{"id":1016,"date":"2022-02-22T09:38:59","date_gmt":"2022-02-22T09:38:59","guid":{"rendered":"http:\/\/cellermaspolit.com\/whats-new\/"},"modified":"2026-08-17T14:53:35","modified_gmt":"2026-08-17T14:53:35","slug":"whats-new","status":"publish","type":"page","link":"https:\/\/cellermaspolit.com\/en\/whats-new\/","title":{"rendered":"What\u2019s new"},"content":{"rendered":"<div class=\"wpb-content-wrapper\"><p>[vc_row row_type=&#8221;row&#8221; use_row_as_full_screen_section=&#8221;no&#8221; type=&#8221;full_width&#8221; text_align=&#8221;left&#8221; background_animation=&#8221;none&#8221; css_animation=&#8221;&#8221;][vc_column][vc_row_inner row_type=&#8221;row&#8221; type=&#8221;grid&#8221; use_row_as_full_screen_section_slide=&#8221;no&#8221; text_align=&#8221;center&#8221; css_animation=&#8221;&#8221;][vc_column_inner][vc_empty_space height=&#8221;60px&#8221;][vc_column_text css=&#8221;&#8221;]<\/p>\n<h1>What\u2019s new<\/h1>\n<p>[\/vc_column_text][vc_empty_space height=&#8221;60px&#8221;][\/vc_column_inner][\/vc_row_inner][\/vc_column][\/vc_row][vc_row row_type=&#8221;row&#8221; use_row_as_full_screen_section=&#8221;no&#8221; type=&#8221;grid&#8221; text_align=&#8221;left&#8221; background_animation=&#8221;none&#8221; css_animation=&#8221;&#8221;][vc_column]<div class='latest_post_holder boxes three_columns '><ul><li class=\"clearfix\"><div class=\"boxes_image\"><a href=\"https:\/\/cellermaspolit.com\/en\/que-vino-do-emporda-elegir-guia-para-descubrir-el-vino-perfecto-para-cada-ocasion\/\"><img loading=\"lazy\" decoding=\"async\" width=\"550\" height=\"498\" src=\"https:\/\/cellermaspolit.com\/wp-content\/uploads\/2026\/08\/Celler-Mas-Polit-\u00bfQue-vino-DO-Emporda-elegir-Guia-para-descubrir-el-vino-perfecto-para-cada-ocasion-550x498.jpg\" class=\"attachment-portfolio-default size-portfolio-default wp-post-image\" alt=\"\" srcset=\"https:\/\/cellermaspolit.com\/wp-content\/uploads\/2026\/08\/Celler-Mas-Polit-\u00bfQue-vino-DO-Emporda-elegir-Guia-para-descubrir-el-vino-perfecto-para-cada-ocasion-550x498.jpg 550w, https:\/\/cellermaspolit.com\/wp-content\/uploads\/2026\/08\/Celler-Mas-Polit-\u00bfQue-vino-DO-Emporda-elegir-Guia-para-descubrir-el-vino-perfecto-para-cada-ocasion-480x434.jpg 480w, https:\/\/cellermaspolit.com\/wp-content\/uploads\/2026\/08\/Celler-Mas-Polit-\u00bfQue-vino-DO-Emporda-elegir-Guia-para-descubrir-el-vino-perfecto-para-cada-ocasion-125x112.jpg 125w\" sizes=\"auto, (max-width: 550px) 100vw, 550px\" \/><span class=\"latest_post_overlay\"><i class=\"icon_plus\" aria-hidden=\"true\"><\/i><\/span><\/a><\/div><div class=\"latest_post\" ><div class=\"latest_post_text\"><h4 class=\"latest_post_title \"><a href=\"https:\/\/cellermaspolit.com\/en\/que-vino-do-emporda-elegir-guia-para-descubrir-el-vino-perfecto-para-cada-ocasion\/\">Which DO Empord\u00e0 wine to choose? Guide to discover the perfect wine for each occasion<\/a><\/h4><p class=\"excerpt\">Definitive guide to choosing your DO Empord\u00e0 wine: pairing, occasions and the best wines from Celler Mas P\u00f2lit &nbsp; Are you looking for the perfect DO Empord\u00e0 wine for a special dinner, a celebration, or simply to enjoy at home? With so many options available,......<\/p><\/div><\/div><\/li><li class=\"clearfix\"><div class=\"boxes_image\"><a href=\"https:\/\/cellermaspolit.com\/en\/different-organic-wines-emporda\/\"><img loading=\"lazy\" decoding=\"async\" width=\"550\" height=\"498\" src=\"https:\/\/cellermaspolit.com\/wp-content\/uploads\/2026\/08\/celler-mas-polit-vins-ecologics-emporda-diferents-550x498.jpg\" class=\"attachment-portfolio-default size-portfolio-default wp-post-image\" alt=\"\" srcset=\"https:\/\/cellermaspolit.com\/wp-content\/uploads\/2026\/08\/celler-mas-polit-vins-ecologics-emporda-diferents-550x498.jpg 550w, https:\/\/cellermaspolit.com\/wp-content\/uploads\/2026\/08\/celler-mas-polit-vins-ecologics-emporda-diferents-480x434.jpg 480w, https:\/\/cellermaspolit.com\/wp-content\/uploads\/2026\/08\/celler-mas-polit-vins-ecologics-emporda-diferents-125x112.jpg 125w\" sizes=\"auto, (max-width: 550px) 100vw, 550px\" \/><span class=\"latest_post_overlay\"><i class=\"icon_plus\" aria-hidden=\"true\"><\/i><\/span><\/a><\/div><div class=\"latest_post\" ><div class=\"latest_post_text\"><h4 class=\"latest_post_title \"><a href=\"https:\/\/cellermaspolit.com\/en\/different-organic-wines-emporda\/\">Organic wines from the Empord\u00e0: authenticity, terroir and sustainability<\/a><\/h4><p class=\"excerpt\">Why are the organic wines of Empord\u00e0 different? Origin, territory and authenticity &nbsp; In the world of wine, there are regions with such a marked identity that their wines are recognised at first sight. Empord\u00e0 is one of those regions. But what makes the organic......<\/p><\/div><\/div><\/li><li class=\"clearfix\"><div class=\"boxes_image\"><a href=\"https:\/\/cellermaspolit.com\/en\/how-is-organic-wine-made-from-vineyard-to-bottle\/\"><img loading=\"lazy\" decoding=\"async\" width=\"550\" height=\"498\" src=\"https:\/\/cellermaspolit.com\/wp-content\/uploads\/2026\/08\/Celler-Mas-Polit-Com-es-produeix-un-vi-ecologic-550x498.jpg\" class=\"attachment-portfolio-default size-portfolio-default wp-post-image\" alt=\"\" srcset=\"https:\/\/cellermaspolit.com\/wp-content\/uploads\/2026\/08\/Celler-Mas-Polit-Com-es-produeix-un-vi-ecologic-550x498.jpg 550w, https:\/\/cellermaspolit.com\/wp-content\/uploads\/2026\/08\/Celler-Mas-Polit-Com-es-produeix-un-vi-ecologic-480x434.jpg 480w, https:\/\/cellermaspolit.com\/wp-content\/uploads\/2026\/08\/Celler-Mas-Polit-Com-es-produeix-un-vi-ecologic-125x112.jpg 125w\" sizes=\"auto, (max-width: 550px) 100vw, 550px\" \/><span class=\"latest_post_overlay\"><i class=\"icon_plus\" aria-hidden=\"true\"><\/i><\/span><\/a><\/div><div class=\"latest_post\" ><div class=\"latest_post_text\"><h4 class=\"latest_post_title \"><a href=\"https:\/\/cellermaspolit.com\/en\/how-is-organic-wine-made-from-vineyard-to-bottle\/\">How is organic wine made? From vineyard to bottle step by step<\/a><\/h4><p class=\"excerpt\">The winemaking process of organic wine from Empord\u00e0 &nbsp; How is organic wine produced? The process begins long before the harvest and starts in the vineyard itself, with a way of understanding viticulture based on respect for the soil, the environment, and the natural cycle......<\/p><\/div><\/div><\/li><li class=\"clearfix\"><div class=\"boxes_image\"><a href=\"https:\/\/cellermaspolit.com\/en\/tramuntana-organic-do-emporda-wine\/\"><img loading=\"lazy\" decoding=\"async\" width=\"550\" height=\"498\" src=\"https:\/\/cellermaspolit.com\/wp-content\/uploads\/2026\/07\/Celler-Mas-Polit-La-Tramuntana-i-el-vi-550x498.jpg\" class=\"attachment-portfolio-default size-portfolio-default wp-post-image\" alt=\"\" srcset=\"https:\/\/cellermaspolit.com\/wp-content\/uploads\/2026\/07\/Celler-Mas-Polit-La-Tramuntana-i-el-vi-550x498.jpg 550w, https:\/\/cellermaspolit.com\/wp-content\/uploads\/2026\/07\/Celler-Mas-Polit-La-Tramuntana-i-el-vi-480x434.jpg 480w, https:\/\/cellermaspolit.com\/wp-content\/uploads\/2026\/07\/Celler-Mas-Polit-La-Tramuntana-i-el-vi-125x112.jpg 125w\" sizes=\"auto, (max-width: 550px) 100vw, 550px\" \/><span class=\"latest_post_overlay\"><i class=\"icon_plus\" aria-hidden=\"true\"><\/i><\/span><\/a><\/div><div class=\"latest_post\" ><div class=\"latest_post_text\"><h4 class=\"latest_post_title \"><a href=\"https:\/\/cellermaspolit.com\/en\/tramuntana-organic-do-emporda-wine\/\">How the Tramuntana wind shapes the character of organic DO Empord\u00e0 wine<\/a><\/h4><p class=\"excerpt\">The Tramuntana wind and wine: how the wind shapes DO Empord\u00e0 wines &nbsp; If there is one element that defines the soul of Empord\u00e0, it is the Tramuntana. This northern wind, dry, intense, and rebellious, not only shapes the landscape but also forges the character......<\/p><\/div><\/div><\/li><li class=\"clearfix\"><div class=\"boxes_image\"><a href=\"https:\/\/cellermaspolit.com\/en\/how-to-choose-do-emporda-wine\/\"><img loading=\"lazy\" decoding=\"async\" width=\"550\" height=\"498\" src=\"https:\/\/cellermaspolit.com\/wp-content\/uploads\/2026\/07\/Celller-Mas-Polit-Com-triar-un-bon-vi-DO-Emporda-la-guia-definitiva-per-encertar-sempre-550x498.jpg\" class=\"attachment-portfolio-default size-portfolio-default wp-post-image\" alt=\"Viticultura ecol\u00f2gica a l\u2019Empord\u00e0 Celler Mas P\u00f2lit\" srcset=\"https:\/\/cellermaspolit.com\/wp-content\/uploads\/2026\/07\/Celller-Mas-Polit-Com-triar-un-bon-vi-DO-Emporda-la-guia-definitiva-per-encertar-sempre-550x498.jpg 550w, https:\/\/cellermaspolit.com\/wp-content\/uploads\/2026\/07\/Celller-Mas-Polit-Com-triar-un-bon-vi-DO-Emporda-la-guia-definitiva-per-encertar-sempre-480x434.jpg 480w, https:\/\/cellermaspolit.com\/wp-content\/uploads\/2026\/07\/Celller-Mas-Polit-Com-triar-un-bon-vi-DO-Emporda-la-guia-definitiva-per-encertar-sempre-125x112.jpg 125w\" sizes=\"auto, (max-width: 550px) 100vw, 550px\" \/><span class=\"latest_post_overlay\"><i class=\"icon_plus\" aria-hidden=\"true\"><\/i><\/span><\/a><\/div><div class=\"latest_post\" ><div class=\"latest_post_text\"><h4 class=\"latest_post_title \"><a href=\"https:\/\/cellermaspolit.com\/en\/how-to-choose-do-emporda-wine\/\">How to Choose a Good DO Empord\u00e0 Wine: The Ultimate Guide to Always Making the Right Choice<\/a><\/h4><p class=\"excerpt\">How to choose a DO Empord\u00e0 wine? Keys to picking the ideal wine &nbsp; Choosing a good DO Empord\u00e0 wine can be a fascinating experience, but also overwhelming if you don&#8217;t know where to start. Empord\u00e0 is a land of contrasts, with a winemaking tradition......<\/p><\/div><\/div><\/li><li class=\"clearfix\"><div class=\"boxes_image\"><a href=\"https:\/\/cellermaspolit.com\/en\/do-emporda-organic-wine-what-makes-it-unique-and-why-it-is-gaining-recognition\/\"><img loading=\"lazy\" decoding=\"async\" width=\"550\" height=\"498\" src=\"https:\/\/cellermaspolit.com\/wp-content\/uploads\/2026\/07\/Celler-Mas-Polit-Vi-ecologic-DO-Emporda-que-el-fa-unic-i-per-que-cada-vegada-te-mes-reconeixement-550x498.jpg\" class=\"attachment-portfolio-default size-portfolio-default wp-post-image\" alt=\"Vi negre ecol\u00f2gic Mas P\u00f2lit DO Empord\u00e0\" srcset=\"https:\/\/cellermaspolit.com\/wp-content\/uploads\/2026\/07\/Celler-Mas-Polit-Vi-ecologic-DO-Emporda-que-el-fa-unic-i-per-que-cada-vegada-te-mes-reconeixement-550x498.jpg 550w, https:\/\/cellermaspolit.com\/wp-content\/uploads\/2026\/07\/Celler-Mas-Polit-Vi-ecologic-DO-Emporda-que-el-fa-unic-i-per-que-cada-vegada-te-mes-reconeixement-480x434.jpg 480w, https:\/\/cellermaspolit.com\/wp-content\/uploads\/2026\/07\/Celler-Mas-Polit-Vi-ecologic-DO-Emporda-que-el-fa-unic-i-per-que-cada-vegada-te-mes-reconeixement-125x112.jpg 125w\" sizes=\"auto, (max-width: 550px) 100vw, 550px\" \/><span class=\"latest_post_overlay\"><i class=\"icon_plus\" aria-hidden=\"true\"><\/i><\/span><\/a><\/div><div class=\"latest_post\" ><div class=\"latest_post_text\"><h4 class=\"latest_post_title \"><a href=\"https:\/\/cellermaspolit.com\/en\/do-emporda-organic-wine-what-makes-it-unique-and-why-it-is-gaining-recognition\/\">DO Empord\u00e0 organic wine: What makes it unique and why it is gaining recognition<\/a><\/h4><p class=\"excerpt\">Organic wine from Empord\u00e0, why is it the best aged wine in Catalonia? &nbsp; Organic DO Empord\u00e0 wine is experiencing an unprecedented moment of expansion and recognition. It is not a fad: it is the result of rigorous work in the vineyard, a clear commitment......<\/p><\/div><\/div><\/li><li class=\"clearfix\"><div class=\"boxes_image\"><a href=\"https:\/\/cellermaspolit.com\/en\/what-does-organic-wine-mean\/\"><img loading=\"lazy\" decoding=\"async\" width=\"550\" height=\"498\" src=\"https:\/\/cellermaspolit.com\/wp-content\/uploads\/2026\/06\/Celler-Mas-Polit-Vi-ecologic-de-lEmporda-que-significa-i-per-que-marca-la-diferencia-550x498.jpg\" class=\"attachment-portfolio-default size-portfolio-default wp-post-image\" alt=\"\" srcset=\"https:\/\/cellermaspolit.com\/wp-content\/uploads\/2026\/06\/Celler-Mas-Polit-Vi-ecologic-de-lEmporda-que-significa-i-per-que-marca-la-diferencia-550x498.jpg 550w, https:\/\/cellermaspolit.com\/wp-content\/uploads\/2026\/06\/Celler-Mas-Polit-Vi-ecologic-de-lEmporda-que-significa-i-per-que-marca-la-diferencia-480x434.jpg 480w, https:\/\/cellermaspolit.com\/wp-content\/uploads\/2026\/06\/Celler-Mas-Polit-Vi-ecologic-de-lEmporda-que-significa-i-per-que-marca-la-diferencia-125x112.jpg 125w\" sizes=\"auto, (max-width: 550px) 100vw, 550px\" \/><span class=\"latest_post_overlay\"><i class=\"icon_plus\" aria-hidden=\"true\"><\/i><\/span><\/a><\/div><div class=\"latest_post\" ><div class=\"latest_post_text\"><h4 class=\"latest_post_title \"><a href=\"https:\/\/cellermaspolit.com\/en\/what-does-organic-wine-mean\/\">Organic wine from Empord\u00e0: What it means and why it makes a difference<\/a><\/h4><p class=\"excerpt\">What Does It Mean That Our Wine Is Organic? More Than a Label, It&#8217;s a Philosophy &nbsp; When you read on the label of a bottle of organic Catalan wine, you may wonder what it really means. It is more than a buzzword or a......<\/p><\/div><\/div><\/li><li class=\"clearfix\"><div class=\"boxes_image\"><a href=\"https:\/\/cellermaspolit.com\/en\/sustainability-ecological-viticulture\/\"><img loading=\"lazy\" decoding=\"async\" width=\"550\" height=\"498\" src=\"https:\/\/cellermaspolit.com\/wp-content\/uploads\/2026\/06\/Celler-Mas-Polit-Sostenibilitat-i-viticultura-ecologica-550x498.jpg\" class=\"attachment-portfolio-default size-portfolio-default wp-post-image\" alt=\"Vi ecol\u00f2gic Mas P\u00f2lit en b\u00f3ta de crian\u00e7a al celler DO Empord\u00e0\" srcset=\"https:\/\/cellermaspolit.com\/wp-content\/uploads\/2026\/06\/Celler-Mas-Polit-Sostenibilitat-i-viticultura-ecologica-550x498.jpg 550w, https:\/\/cellermaspolit.com\/wp-content\/uploads\/2026\/06\/Celler-Mas-Polit-Sostenibilitat-i-viticultura-ecologica-480x434.jpg 480w, https:\/\/cellermaspolit.com\/wp-content\/uploads\/2026\/06\/Celler-Mas-Polit-Sostenibilitat-i-viticultura-ecologica-125x112.jpg 125w\" sizes=\"auto, (max-width: 550px) 100vw, 550px\" \/><span class=\"latest_post_overlay\"><i class=\"icon_plus\" aria-hidden=\"true\"><\/i><\/span><\/a><\/div><div class=\"latest_post\" ><div class=\"latest_post_text\"><h4 class=\"latest_post_title \"><a href=\"https:\/\/cellermaspolit.com\/en\/sustainability-ecological-viticulture\/\">Sustainability and ecological viticulture<\/a><\/h4><p class=\"excerpt\">Sustainability and Organic Viticulture in Empord\u00e0: Celler Mas P\u00f2lit&#8217;s Commitment &nbsp; Sustainability is no longer a passing trend but a responsible way of understanding viticulture and the future of the land. At Celler Mas P\u00f2lit, this philosophy is embedded in the very DNA of the......<\/p><\/div><\/div><\/li><li class=\"clearfix\"><div class=\"boxes_image\"><a href=\"https:\/\/cellermaspolit.com\/en\/to-do-emporda-weekend\/\"><img loading=\"lazy\" decoding=\"async\" width=\"550\" height=\"498\" src=\"https:\/\/cellermaspolit.com\/wp-content\/uploads\/2026\/05\/Celler-Mas-Polit-Que-fer-a-lEmporda-en-un-cap-de-setmana-550x498.jpg\" class=\"attachment-portfolio-default size-portfolio-default wp-post-image\" alt=\"\" srcset=\"https:\/\/cellermaspolit.com\/wp-content\/uploads\/2026\/05\/Celler-Mas-Polit-Que-fer-a-lEmporda-en-un-cap-de-setmana-550x498.jpg 550w, https:\/\/cellermaspolit.com\/wp-content\/uploads\/2026\/05\/Celler-Mas-Polit-Que-fer-a-lEmporda-en-un-cap-de-setmana-480x434.jpg 480w, https:\/\/cellermaspolit.com\/wp-content\/uploads\/2026\/05\/Celler-Mas-Polit-Que-fer-a-lEmporda-en-un-cap-de-setmana-125x112.jpg 125w\" sizes=\"auto, (max-width: 550px) 100vw, 550px\" \/><span class=\"latest_post_overlay\"><i class=\"icon_plus\" aria-hidden=\"true\"><\/i><\/span><\/a><\/div><div class=\"latest_post\" ><div class=\"latest_post_text\"><h4 class=\"latest_post_title \"><a href=\"https:\/\/cellermaspolit.com\/en\/to-do-emporda-weekend\/\">What to do in Empord\u00e0 in a weekend<\/a><\/h4><p class=\"excerpt\">What to do in Empord\u00e0 in a weekend: wine, nature and unforgettable experiences &nbsp; If you are looking for what to do in the Empord\u00e0 in a weekend, you have chosen one of the most complete and authentic destinations in Catalonia. Empord\u00e0 combines sea and......<\/p><\/div><\/div><\/li><li class=\"clearfix\"><div class=\"boxes_image\"><a href=\"https:\/\/cellermaspolit.com\/en\/tot-sant-cugat-highlights-celler-mas-polit-do-emporda-organic-wines-serra-de-lalbera\/\"><img loading=\"lazy\" decoding=\"async\" width=\"550\" height=\"498\" src=\"https:\/\/cellermaspolit.com\/wp-content\/uploads\/2026\/05\/Celler-Mas-Polit-tot-sant-cugat-celler-mas-polit-vins-ecologics-emporda-2026-03-550x498.jpg\" class=\"attachment-portfolio-default size-portfolio-default wp-post-image\" alt=\"\" srcset=\"https:\/\/cellermaspolit.com\/wp-content\/uploads\/2026\/05\/Celler-Mas-Polit-tot-sant-cugat-celler-mas-polit-vins-ecologics-emporda-2026-03-550x498.jpg 550w, https:\/\/cellermaspolit.com\/wp-content\/uploads\/2026\/05\/Celler-Mas-Polit-tot-sant-cugat-celler-mas-polit-vins-ecologics-emporda-2026-03-480x434.jpg 480w, https:\/\/cellermaspolit.com\/wp-content\/uploads\/2026\/05\/Celler-Mas-Polit-tot-sant-cugat-celler-mas-polit-vins-ecologics-emporda-2026-03-125x112.jpg 125w\" sizes=\"auto, (max-width: 550px) 100vw, 550px\" \/><span class=\"latest_post_overlay\"><i class=\"icon_plus\" aria-hidden=\"true\"><\/i><\/span><\/a><\/div><div class=\"latest_post\" ><div class=\"latest_post_text\"><h4 class=\"latest_post_title \"><a href=\"https:\/\/cellermaspolit.com\/en\/tot-sant-cugat-highlights-celler-mas-polit-do-emporda-organic-wines-serra-de-lalbera\/\">TOT Sant Cugat highlights Celler Mas P\u00f2lit: DO Empord\u00e0 organic wines from the Serra de l\u2019Albera<\/a><\/h4><p class=\"excerpt\">Celler Mas P\u00f2lit in TOT Sant Cugat: the essence of Empord\u00e0 organic wines &nbsp; When a specialist media outlet like TOT Sant Cugat highlights a winery, it is more than just news: it is recognition of a way of understanding wine. Recently, the newspaper published......<\/p><\/div><\/div><\/li><li class=\"clearfix\"><div class=\"boxes_image\"><a href=\"https:\/\/cellermaspolit.com\/en\/organic-wines-do-emporda\/\"><img loading=\"lazy\" decoding=\"async\" width=\"550\" height=\"498\" src=\"https:\/\/cellermaspolit.com\/wp-content\/uploads\/2026\/05\/Celler-Mas-Polit-Vins-ecologics-de-D.O.-Emporda-550x498.jpg\" class=\"attachment-portfolio-default size-portfolio-default wp-post-image\" alt=\"Vi ecol\u00f2gic Mas P\u00f2lit en b\u00f3ta de crian\u00e7a al celler DO Empord\u00e0\" srcset=\"https:\/\/cellermaspolit.com\/wp-content\/uploads\/2026\/05\/Celler-Mas-Polit-Vins-ecologics-de-D.O.-Emporda-550x498.jpg 550w, https:\/\/cellermaspolit.com\/wp-content\/uploads\/2026\/05\/Celler-Mas-Polit-Vins-ecologics-de-D.O.-Emporda-480x434.jpg 480w, https:\/\/cellermaspolit.com\/wp-content\/uploads\/2026\/05\/Celler-Mas-Polit-Vins-ecologics-de-D.O.-Emporda-125x112.jpg 125w\" sizes=\"auto, (max-width: 550px) 100vw, 550px\" \/><span class=\"latest_post_overlay\"><i class=\"icon_plus\" aria-hidden=\"true\"><\/i><\/span><\/a><\/div><div class=\"latest_post\" ><div class=\"latest_post_text\"><h4 class=\"latest_post_title \"><a href=\"https:\/\/cellermaspolit.com\/en\/organic-wines-do-emporda\/\">Organic wines from D.O. Empord\u00e0<\/a><\/h4><p class=\"excerpt\">Organic wine Empord\u00e0: sustainable wines with identity and character &nbsp; The organic wines from D.O. Empord\u00e0 represent one of the most authentic expressions of Catalan territory. Produced with respect for nature and a strong commitment to sustainability, these wines reflect the unique character of a......<\/p><\/div><\/div><\/li><li class=\"clearfix\"><div class=\"boxes_image\"><a href=\"https:\/\/cellermaspolit.com\/en\/red-wines-concentration-personality-emporda\/\"><img loading=\"lazy\" decoding=\"async\" width=\"550\" height=\"498\" src=\"https:\/\/cellermaspolit.com\/wp-content\/uploads\/2026\/04\/Celler-Mas-Polit-Vins-negres-crianca-amb-concentracio-i-personalitat-Emporda-550x498.jpg\" class=\"attachment-portfolio-default size-portfolio-default wp-post-image\" alt=\"\" srcset=\"https:\/\/cellermaspolit.com\/wp-content\/uploads\/2026\/04\/Celler-Mas-Polit-Vins-negres-crianca-amb-concentracio-i-personalitat-Emporda-550x498.jpg 550w, https:\/\/cellermaspolit.com\/wp-content\/uploads\/2026\/04\/Celler-Mas-Polit-Vins-negres-crianca-amb-concentracio-i-personalitat-Emporda-480x434.jpg 480w, https:\/\/cellermaspolit.com\/wp-content\/uploads\/2026\/04\/Celler-Mas-Polit-Vins-negres-crianca-amb-concentracio-i-personalitat-Emporda-125x112.jpg 125w\" sizes=\"auto, (max-width: 550px) 100vw, 550px\" \/><span class=\"latest_post_overlay\"><i class=\"icon_plus\" aria-hidden=\"true\"><\/i><\/span><\/a><\/div><div class=\"latest_post\" ><div class=\"latest_post_text\"><h4 class=\"latest_post_title \"><a href=\"https:\/\/cellermaspolit.com\/en\/red-wines-concentration-personality-emporda\/\">Aged red wines with concentration and personality from Empord\u00e0<\/a><\/h4><p class=\"excerpt\">Empord\u00e0 DO aged red wines: intensity, terroir and unique personality &nbsp; The aged red wines with concentration and personality from Empord\u00e0 represent one of the most authentic expressions of Catalan organic wine. In a territory shaped by the Tramontane wind, slate soils and a long......<\/p><\/div><\/div><\/li><li class=\"clearfix\"><div class=\"boxes_image\"><a href=\"https:\/\/cellermaspolit.com\/en\/organic-winery-reduced-environmental-impact-emporda\/\"><img loading=\"lazy\" decoding=\"async\" width=\"550\" height=\"498\" src=\"https:\/\/cellermaspolit.com\/wp-content\/uploads\/2026\/04\/Celler-mas-Polit-Celler-amb-impacte-mediambiental-reduit-550x498.jpg\" class=\"attachment-portfolio-default size-portfolio-default wp-post-image\" alt=\"\" srcset=\"https:\/\/cellermaspolit.com\/wp-content\/uploads\/2026\/04\/Celler-mas-Polit-Celler-amb-impacte-mediambiental-reduit-550x498.jpg 550w, https:\/\/cellermaspolit.com\/wp-content\/uploads\/2026\/04\/Celler-mas-Polit-Celler-amb-impacte-mediambiental-reduit-480x434.jpg 480w, https:\/\/cellermaspolit.com\/wp-content\/uploads\/2026\/04\/Celler-mas-Polit-Celler-amb-impacte-mediambiental-reduit-125x112.jpg 125w\" sizes=\"auto, (max-width: 550px) 100vw, 550px\" \/><span class=\"latest_post_overlay\"><i class=\"icon_plus\" aria-hidden=\"true\"><\/i><\/span><\/a><\/div><div class=\"latest_post\" ><div class=\"latest_post_text\"><h4 class=\"latest_post_title \"><a href=\"https:\/\/cellermaspolit.com\/en\/organic-winery-reduced-environmental-impact-emporda\/\">Winery with reduced environmental impact<\/a><\/h4><p class=\"excerpt\">Organic winery with reduced environmental impact in Empord\u00e0 &nbsp; The concept of a winery with reduced environmental impact has become one of the fundamental pillars of today\u2019s wine industry. In a context marked by climate change and the need to preserve natural resources, more and......<\/p><\/div><\/div><\/li><li class=\"clearfix\"><div class=\"boxes_image\"><a href=\"https:\/\/cellermaspolit.com\/en\/wine-tourism-visits-emporda-organic-winery\/\"><img loading=\"lazy\" decoding=\"async\" width=\"550\" height=\"498\" src=\"https:\/\/cellermaspolit.com\/wp-content\/uploads\/2026\/03\/Celler-Mas-Polit-visites-enoturistiques-celler-ecologic-emporda-550x498.jpg\" class=\"attachment-portfolio-default size-portfolio-default wp-post-image\" alt=\"\" srcset=\"https:\/\/cellermaspolit.com\/wp-content\/uploads\/2026\/03\/Celler-Mas-Polit-visites-enoturistiques-celler-ecologic-emporda-550x498.jpg 550w, https:\/\/cellermaspolit.com\/wp-content\/uploads\/2026\/03\/Celler-Mas-Polit-visites-enoturistiques-celler-ecologic-emporda-480x434.jpg 480w, https:\/\/cellermaspolit.com\/wp-content\/uploads\/2026\/03\/Celler-Mas-Polit-visites-enoturistiques-celler-ecologic-emporda-125x112.jpg 125w\" sizes=\"auto, (max-width: 550px) 100vw, 550px\" \/><span class=\"latest_post_overlay\"><i class=\"icon_plus\" aria-hidden=\"true\"><\/i><\/span><\/a><\/div><div class=\"latest_post\" ><div class=\"latest_post_text\"><h4 class=\"latest_post_title \"><a href=\"https:\/\/cellermaspolit.com\/en\/wine-tourism-visits-emporda-organic-winery\/\">Wine tourism visits to the Empord\u00e0 organic winery<\/a><\/h4><p class=\"excerpt\">Best wine tourism visits to an organic winery in Empord\u00e0, Celler Mas P\u00f2lit &nbsp; The wine tourism visits to an organic winery in Empord\u00e0 are a unique experience to discover the world of wine from its origin. In Empord\u00e0, a territory shaped by the tramontane......<\/p><\/div><\/div><\/li><li class=\"clearfix\"><div class=\"boxes_image\"><a href=\"https:\/\/cellermaspolit.com\/en\/family-winery-emporda-artisanal-viticulture\/\"><img loading=\"lazy\" decoding=\"async\" width=\"550\" height=\"498\" src=\"https:\/\/cellermaspolit.com\/wp-content\/uploads\/2026\/03\/Celler-Mas-Polit-Emporda-amb-viticultura-artesanal-550x498.jpg\" class=\"attachment-portfolio-default size-portfolio-default wp-post-image\" alt=\"\" srcset=\"https:\/\/cellermaspolit.com\/wp-content\/uploads\/2026\/03\/Celler-Mas-Polit-Emporda-amb-viticultura-artesanal-550x498.jpg 550w, https:\/\/cellermaspolit.com\/wp-content\/uploads\/2026\/03\/Celler-Mas-Polit-Emporda-amb-viticultura-artesanal-480x434.jpg 480w, https:\/\/cellermaspolit.com\/wp-content\/uploads\/2026\/03\/Celler-Mas-Polit-Emporda-amb-viticultura-artesanal-125x112.jpg 125w\" sizes=\"auto, (max-width: 550px) 100vw, 550px\" \/><span class=\"latest_post_overlay\"><i class=\"icon_plus\" aria-hidden=\"true\"><\/i><\/span><\/a><\/div><div class=\"latest_post\" ><div class=\"latest_post_text\"><h4 class=\"latest_post_title \"><a href=\"https:\/\/cellermaspolit.com\/en\/family-winery-emporda-artisanal-viticulture\/\">Family winery in the Empord\u00e0 with artisanal viticulture<\/a><\/h4><p class=\"excerpt\">&nbsp; Family winery in Empord\u00e0 &nbsp; Celler Mas P\u00f2lit is a clear example of a family winery in Empord\u00e0 with artisanal viticulture, where tradition, respect for the land and passion for wine are passed down from generation to generation. Located in a privileged setting within......<\/p><\/div><\/div><\/li><li class=\"clearfix\"><div class=\"boxes_image\"><a href=\"https:\/\/cellermaspolit.com\/en\/mountain-vineyard-serra-rodes-albera\/\"><img loading=\"lazy\" decoding=\"async\" width=\"550\" height=\"498\" src=\"https:\/\/cellermaspolit.com\/wp-content\/uploads\/2026\/03\/Celler-Mas-Polit-muntanya-de-la-Serra-de-Rodes-a-lAlbera-550x498.jpg\" class=\"attachment-portfolio-default size-portfolio-default wp-post-image\" alt=\"\" srcset=\"https:\/\/cellermaspolit.com\/wp-content\/uploads\/2026\/03\/Celler-Mas-Polit-muntanya-de-la-Serra-de-Rodes-a-lAlbera-550x498.jpg 550w, https:\/\/cellermaspolit.com\/wp-content\/uploads\/2026\/03\/Celler-Mas-Polit-muntanya-de-la-Serra-de-Rodes-a-lAlbera-480x434.jpg 480w, https:\/\/cellermaspolit.com\/wp-content\/uploads\/2026\/03\/Celler-Mas-Polit-muntanya-de-la-Serra-de-Rodes-a-lAlbera-125x112.jpg 125w\" sizes=\"auto, (max-width: 550px) 100vw, 550px\" \/><span class=\"latest_post_overlay\"><i class=\"icon_plus\" aria-hidden=\"true\"><\/i><\/span><\/a><\/div><div class=\"latest_post\" ><div class=\"latest_post_text\"><h4 class=\"latest_post_title \"><a href=\"https:\/\/cellermaspolit.com\/en\/mountain-vineyard-serra-rodes-albera\/\">Mountain vineyard wine from the Serra de Rodes to the Albera<\/a><\/h4><p class=\"excerpt\">DO Empord\u00e0 mountain vineyard wine: from Serra de Rodes to Albera &nbsp; The mountain vineyard wine from the Serra de Rodes to the Albera represents one of the most authentic expressions of the Empord\u00e0 region. In this landscape shaped by the Tramontane wind, slate soils......<\/p><\/div><\/div><\/li><li class=\"clearfix\"><div class=\"boxes_image\"><a href=\"https:\/\/cellermaspolit.com\/en\/award-winning-organic-wine-emporda\/\"><img loading=\"lazy\" decoding=\"async\" width=\"550\" height=\"498\" src=\"https:\/\/cellermaspolit.com\/wp-content\/uploads\/2026\/03\/Celler-Mas-Polit-Vi-ecologic-premiat-550x498.jpg\" class=\"attachment-portfolio-default size-portfolio-default wp-post-image\" alt=\"\" srcset=\"https:\/\/cellermaspolit.com\/wp-content\/uploads\/2026\/03\/Celler-Mas-Polit-Vi-ecologic-premiat-550x498.jpg 550w, https:\/\/cellermaspolit.com\/wp-content\/uploads\/2026\/03\/Celler-Mas-Polit-Vi-ecologic-premiat-480x434.jpg 480w, https:\/\/cellermaspolit.com\/wp-content\/uploads\/2026\/03\/Celler-Mas-Polit-Vi-ecologic-premiat-125x112.jpg 125w\" sizes=\"auto, (max-width: 550px) 100vw, 550px\" \/><span class=\"latest_post_overlay\"><i class=\"icon_plus\" aria-hidden=\"true\"><\/i><\/span><\/a><\/div><div class=\"latest_post\" ><div class=\"latest_post_text\"><h4 class=\"latest_post_title \"><a href=\"https:\/\/cellermaspolit.com\/en\/award-winning-organic-wine-emporda\/\">Award-Winning Organic Wine from Empord\u00e0 \u2013 Sustainable DO Empord\u00e0 Mountain Vineyard Wine<\/a><\/h4><p class=\"excerpt\">Award-Winning Organic Wine from Empord\u00e0 &nbsp; The award-winning organic wine from Empord\u00e0 is much more than a label: it is the result of rigorous vineyard work, a genuine commitment to sustainability and a clear focus on quality. At Celler Mas P\u00f2lit, every bottle reflects the......<\/p><\/div><\/div><\/li><li class=\"clearfix\"><div class=\"boxes_image\"><a href=\"https:\/\/cellermaspolit.com\/en\/mas-polit-2022-organic-do-emporda-crianza-wine-mountain-vineyards\/\"><img loading=\"lazy\" decoding=\"async\" width=\"550\" height=\"498\" src=\"https:\/\/cellermaspolit.com\/wp-content\/uploads\/2026\/02\/Celler-Mas-Polit-Mas-Polit-2022-\u2013-Vi-crianca-DO-Emporda-ecologic-vinya-muntanya-550x498.jpg\" class=\"attachment-portfolio-default size-portfolio-default wp-post-image\" alt=\"\" srcset=\"https:\/\/cellermaspolit.com\/wp-content\/uploads\/2026\/02\/Celler-Mas-Polit-Mas-Polit-2022-\u2013-Vi-crianca-DO-Emporda-ecologic-vinya-muntanya-550x498.jpg 550w, https:\/\/cellermaspolit.com\/wp-content\/uploads\/2026\/02\/Celler-Mas-Polit-Mas-Polit-2022-\u2013-Vi-crianca-DO-Emporda-ecologic-vinya-muntanya-480x434.jpg 480w, https:\/\/cellermaspolit.com\/wp-content\/uploads\/2026\/02\/Celler-Mas-Polit-Mas-Polit-2022-\u2013-Vi-crianca-DO-Emporda-ecologic-vinya-muntanya-125x112.jpg 125w\" sizes=\"auto, (max-width: 550px) 100vw, 550px\" \/><span class=\"latest_post_overlay\"><i class=\"icon_plus\" aria-hidden=\"true\"><\/i><\/span><\/a><\/div><div class=\"latest_post\" ><div class=\"latest_post_text\"><h4 class=\"latest_post_title \"><a href=\"https:\/\/cellermaspolit.com\/en\/mas-polit-2022-organic-do-emporda-crianza-wine-mountain-vineyards\/\">Mas P\u00f2lit 2022 \u2013 Organic DO Empord\u00e0 Crianza Wine from Mountain Vineyards<\/a><\/h4><p class=\"excerpt\">Mas P\u00f2lit 2022 Wine DO Empord\u00e0 &nbsp; The Mas P\u00f2lit 2022 DO Empord\u00e0 Wine represents the essence of the territory, the strength of mountain vineyards and a firm commitment to organic viticulture. Crafted by Celler Mas P\u00f2lit, this crianza wine brings together tradition, landscape and......<\/p><\/div><\/div><\/li><li class=\"clearfix\"><div class=\"boxes_image\"><a href=\"https:\/\/cellermaspolit.com\/en\/crianza-wine-catalonia\/\"><img loading=\"lazy\" decoding=\"async\" width=\"550\" height=\"498\" src=\"https:\/\/cellermaspolit.com\/wp-content\/uploads\/2026\/02\/Celler-Mas-Polit-Vi-ecologic-crianca-550x498.jpg\" class=\"attachment-portfolio-default size-portfolio-default wp-post-image\" alt=\"\" srcset=\"https:\/\/cellermaspolit.com\/wp-content\/uploads\/2026\/02\/Celler-Mas-Polit-Vi-ecologic-crianca-550x498.jpg 550w, https:\/\/cellermaspolit.com\/wp-content\/uploads\/2026\/02\/Celler-Mas-Polit-Vi-ecologic-crianca-480x434.jpg 480w, https:\/\/cellermaspolit.com\/wp-content\/uploads\/2026\/02\/Celler-Mas-Polit-Vi-ecologic-crianca-125x112.jpg 125w\" sizes=\"auto, (max-width: 550px) 100vw, 550px\" \/><span class=\"latest_post_overlay\"><i class=\"icon_plus\" aria-hidden=\"true\"><\/i><\/span><\/a><\/div><div class=\"latest_post\" ><div class=\"latest_post_text\"><h4 class=\"latest_post_title \"><a href=\"https:\/\/cellermaspolit.com\/en\/crianza-wine-catalonia\/\">Crianza wine from Catalonia \u2013 Organic DO Empord\u00e0, Celler Mas P\u00f2lit<\/a><\/h4><p class=\"excerpt\">Best Crianza Wine of Catalonia \u2013 Organic DO Empord\u00e0 with Character and Terroir &nbsp; The Catalonia crianza wine represents one of the most authentic expressions of Catalonia&#8217;s winemaking heritage. Speaking of crianza is speaking of time, patience, and respect for the terroir. Catalonia has several......<\/p><\/div><\/div><\/li><li class=\"clearfix\"><div class=\"boxes_image\"><a href=\"https:\/\/cellermaspolit.com\/en\/mas-polit-winery-family-owned-organic-wine-estate-d-o-emporda-catalonia\/\"><img loading=\"lazy\" decoding=\"async\" width=\"550\" height=\"498\" src=\"https:\/\/cellermaspolit.com\/wp-content\/uploads\/2026\/02\/Celler-Mas-Polit-Vi-ecologic-Emporda-550x498.jpg\" class=\"attachment-portfolio-default size-portfolio-default wp-post-image\" alt=\"\" srcset=\"https:\/\/cellermaspolit.com\/wp-content\/uploads\/2026\/02\/Celler-Mas-Polit-Vi-ecologic-Emporda-550x498.jpg 550w, https:\/\/cellermaspolit.com\/wp-content\/uploads\/2026\/02\/Celler-Mas-Polit-Vi-ecologic-Emporda-480x434.jpg 480w, https:\/\/cellermaspolit.com\/wp-content\/uploads\/2026\/02\/Celler-Mas-Polit-Vi-ecologic-Emporda-125x112.jpg 125w\" sizes=\"auto, (max-width: 550px) 100vw, 550px\" \/><span class=\"latest_post_overlay\"><i class=\"icon_plus\" aria-hidden=\"true\"><\/i><\/span><\/a><\/div><div class=\"latest_post\" ><div class=\"latest_post_text\"><h4 class=\"latest_post_title \"><a href=\"https:\/\/cellermaspolit.com\/en\/mas-polit-winery-family-owned-organic-wine-estate-d-o-emporda-catalonia\/\">Celler Mas P\u00f2lit winery, a family-owned organic wine estate in D.O. Empord\u00e0, Catalonia<\/a><\/h4><p class=\"excerpt\">Celler Mas P\u00f2lit winery: The art of organic wine in Empord\u00e0 &nbsp; In the heart of the Empord\u00e0 Designation of Origin, where the Tramuntana wind sculpts the landscape and history is woven into every stone, stands Celler Mas P\u00f2lit winery. More than a winery, it......<\/p><\/div><\/div><\/li><li class=\"clearfix\"><div class=\"boxes_image\"><a href=\"https:\/\/cellermaspolit.com\/en\/terra-indika-negre-2025\/\"><img loading=\"lazy\" decoding=\"async\" width=\"550\" height=\"498\" src=\"https:\/\/cellermaspolit.com\/wp-content\/uploads\/2026\/01\/Celler-Mas-Polit-Terra-Indika-2025-550x498.jpg\" class=\"attachment-portfolio-default size-portfolio-default wp-post-image\" alt=\"\" srcset=\"https:\/\/cellermaspolit.com\/wp-content\/uploads\/2026\/01\/Celler-Mas-Polit-Terra-Indika-2025-550x498.jpg 550w, https:\/\/cellermaspolit.com\/wp-content\/uploads\/2026\/01\/Celler-Mas-Polit-Terra-Indika-2025-480x434.jpg 480w, https:\/\/cellermaspolit.com\/wp-content\/uploads\/2026\/01\/Celler-Mas-Polit-Terra-Indika-2025-125x112.jpg 125w\" sizes=\"auto, (max-width: 550px) 100vw, 550px\" \/><span class=\"latest_post_overlay\"><i class=\"icon_plus\" aria-hidden=\"true\"><\/i><\/span><\/a><\/div><div class=\"latest_post\" ><div class=\"latest_post_text\"><h4 class=\"latest_post_title \"><a href=\"https:\/\/cellermaspolit.com\/en\/terra-indika-negre-2025\/\">Terra Indika Negre 2025<\/a><\/h4><p class=\"excerpt\">Terra Indika Negre 2025 DO Empord\u00e0 \u2013 Red organic mountain vineyard wine from Celler Mas P\u00f2lit &nbsp; Terra Indika Negre 2025 is a new expression of the character of Celler Mas P\u00f2lit, a family winery in DO Empord\u00e0 committed to organic viticulture, sustainability, and authenticity.......<\/p><\/div><\/div><\/li><li class=\"clearfix\"><div class=\"boxes_image\"><a href=\"https:\/\/cellermaspolit.com\/en\/racons-garnatxa-2022-limited-edition-do-emporda\/\"><img loading=\"lazy\" decoding=\"async\" width=\"550\" height=\"498\" src=\"https:\/\/cellermaspolit.com\/wp-content\/uploads\/2025\/10\/Celler-Mas-Polit-Racons-2022-Limited-edition-550x498.jpg\" class=\"attachment-portfolio-default size-portfolio-default wp-post-image\" alt=\"\" srcset=\"https:\/\/cellermaspolit.com\/wp-content\/uploads\/2025\/10\/Celler-Mas-Polit-Racons-2022-Limited-edition-550x498.jpg 550w, https:\/\/cellermaspolit.com\/wp-content\/uploads\/2025\/10\/Celler-Mas-Polit-Racons-2022-Limited-edition-480x434.jpg 480w, https:\/\/cellermaspolit.com\/wp-content\/uploads\/2025\/10\/Celler-Mas-Polit-Racons-2022-Limited-edition-125x112.jpg 125w\" sizes=\"auto, (max-width: 550px) 100vw, 550px\" \/><span class=\"latest_post_overlay\"><i class=\"icon_plus\" aria-hidden=\"true\"><\/i><\/span><\/a><\/div><div class=\"latest_post\" ><div class=\"latest_post_text\"><h4 class=\"latest_post_title \"><a href=\"https:\/\/cellermaspolit.com\/en\/racons-garnatxa-2022-limited-edition-do-emporda\/\">Racons Garnatxa limited edition: the essence of the Empord\u00e0 mountain vineyard<\/a><\/h4><p class=\"excerpt\">Racons Garnatxa 2022 \u2013 Limited Edition from Celler Mas P\u00f2lit, Organic Mountain Vineyard Wine DO Empord\u00e0 &nbsp; Celler Mas P\u00f2lit presents Racons Garnatxa 2022, a new limited edition born from the authenticity of our land, the passion for the Garnacha variety and a deep respect......<\/p><\/div><\/div><\/li><li class=\"clearfix\"><div class=\"boxes_image\"><a href=\"https:\/\/cellermaspolit.com\/en\/wine-pairing-dinner-restaurant-entre-dos-mons-with-celler-mas-polit\/\"><img loading=\"lazy\" decoding=\"async\" width=\"550\" height=\"498\" src=\"https:\/\/cellermaspolit.com\/wp-content\/uploads\/2025\/09\/Sopar-maridat-Celler-Mas-Polit-550x498.jpg\" class=\"attachment-portfolio-default size-portfolio-default wp-post-image\" alt=\"\" srcset=\"https:\/\/cellermaspolit.com\/wp-content\/uploads\/2025\/09\/Sopar-maridat-Celler-Mas-Polit-550x498.jpg 550w, https:\/\/cellermaspolit.com\/wp-content\/uploads\/2025\/09\/Sopar-maridat-Celler-Mas-Polit-480x434.jpg 480w, https:\/\/cellermaspolit.com\/wp-content\/uploads\/2025\/09\/Sopar-maridat-Celler-Mas-Polit-125x112.jpg 125w\" sizes=\"auto, (max-width: 550px) 100vw, 550px\" \/><span class=\"latest_post_overlay\"><i class=\"icon_plus\" aria-hidden=\"true\"><\/i><\/span><\/a><\/div><div class=\"latest_post\" ><div class=\"latest_post_text\"><h4 class=\"latest_post_title \"><a href=\"https:\/\/cellermaspolit.com\/en\/wine-pairing-dinner-restaurant-entre-dos-mons-with-celler-mas-polit\/\">Pairing Dinner at Restaurant Entre Dos Mons and Celler Mas P\u00f2lit<\/a><\/h4><p class=\"excerpt\">Wine Pairing Dinner at Restaurant Entre Dos Mons with Celler Mas P\u00f2lit, DO Empord\u00e0 &nbsp; On October 10, 2025, in Palam\u00f3s, one of the most anticipated gastronomic events of the season will take place: the wine pairing dinner between Restaurant Entre Dos Mons and Celler......<\/p><\/div><\/div><\/li><li class=\"clearfix\"><div class=\"boxes_image\"><a href=\"https:\/\/cellermaspolit.com\/en\/mas-polit-450-anniversary\/\"><img loading=\"lazy\" decoding=\"async\" width=\"550\" height=\"498\" src=\"https:\/\/cellermaspolit.com\/wp-content\/uploads\/2025\/04\/Mas-Polit-450-ENG-550x498.jpg\" class=\"attachment-portfolio-default size-portfolio-default wp-post-image\" alt=\"\" srcset=\"https:\/\/cellermaspolit.com\/wp-content\/uploads\/2025\/04\/Mas-Polit-450-ENG-550x498.jpg 550w, https:\/\/cellermaspolit.com\/wp-content\/uploads\/2025\/04\/Mas-Polit-450-ENG-480x434.jpg 480w, https:\/\/cellermaspolit.com\/wp-content\/uploads\/2025\/04\/Mas-Polit-450-ENG-125x112.jpg 125w\" sizes=\"auto, (max-width: 550px) 100vw, 550px\" \/><span class=\"latest_post_overlay\"><i class=\"icon_plus\" aria-hidden=\"true\"><\/i><\/span><\/a><\/div><div class=\"latest_post\" ><div class=\"latest_post_text\"><h4 class=\"latest_post_title \"><a href=\"https:\/\/cellermaspolit.com\/en\/mas-polit-450-anniversary\/\">Mas P\u00f2lit 450 anniversary<\/a><\/h4><p class=\"excerpt\">Mas P\u00f2lit 450 Anniversary \u00b7 Exclusive DO Empord\u00e0 Limited Edition Wine &nbsp; A traveling tribute to the past: a limited edition full of essence Mas P\u00f2lit 450 Anniversary is a special edition wine that celebrates the 450 years of history of the Mas P\u00f2lit estate,......<\/p><\/div><\/div><\/li><li class=\"clearfix\"><div class=\"boxes_image\"><a href=\"https:\/\/cellermaspolit.com\/en\/wine-pairing-dinner-ses-vinyes-begur-restaurant\/\"><img loading=\"lazy\" decoding=\"async\" width=\"550\" height=\"498\" src=\"https:\/\/cellermaspolit.com\/wp-content\/uploads\/2024\/11\/Ses-Vinyes-2-550x498.jpg\" class=\"attachment-portfolio-default size-portfolio-default wp-post-image\" alt=\"\" srcset=\"https:\/\/cellermaspolit.com\/wp-content\/uploads\/2024\/11\/Ses-Vinyes-2-550x498.jpg 550w, https:\/\/cellermaspolit.com\/wp-content\/uploads\/2024\/11\/Ses-Vinyes-2-480x434.jpg 480w, https:\/\/cellermaspolit.com\/wp-content\/uploads\/2024\/11\/Ses-Vinyes-2-125x112.jpg 125w\" sizes=\"auto, (max-width: 550px) 100vw, 550px\" \/><span class=\"latest_post_overlay\"><i class=\"icon_plus\" aria-hidden=\"true\"><\/i><\/span><\/a><\/div><div class=\"latest_post\" ><div class=\"latest_post_text\"><h4 class=\"latest_post_title \"><a href=\"https:\/\/cellermaspolit.com\/en\/wine-pairing-dinner-ses-vinyes-begur-restaurant\/\">Wine pairing dinner at Ses Vinyes Begur restaurant<\/a><\/h4><p class=\"excerpt\">Mas P\u00f2lit Dinner \u00b7 DO Empord\u00e0 Wine Pairing at Ses Vinyes Restaurant in Begur &nbsp; Celler Mas P\u00f2lit has celebrated one of the most special events on its calendar with an exclusive wine pairing dinner at the Ses Vinyes de Begur restaurant. The event brought......<\/p><\/div><\/div><\/li><li class=\"clearfix\"><div class=\"boxes_image\"><a href=\"https:\/\/cellermaspolit.com\/en\/salon-verema-barcelona\/\"><img loading=\"lazy\" decoding=\"async\" width=\"550\" height=\"498\" src=\"https:\/\/cellermaspolit.com\/wp-content\/uploads\/2024\/10\/Celler-Mas-Polit-Salo-VEREMA-Barcelona-novembre-550x498.jpg\" class=\"attachment-portfolio-default size-portfolio-default wp-post-image\" alt=\"\" srcset=\"https:\/\/cellermaspolit.com\/wp-content\/uploads\/2024\/10\/Celler-Mas-Polit-Salo-VEREMA-Barcelona-novembre-550x498.jpg 550w, https:\/\/cellermaspolit.com\/wp-content\/uploads\/2024\/10\/Celler-Mas-Polit-Salo-VEREMA-Barcelona-novembre-480x434.jpg 480w, https:\/\/cellermaspolit.com\/wp-content\/uploads\/2024\/10\/Celler-Mas-Polit-Salo-VEREMA-Barcelona-novembre-125x112.jpg 125w\" sizes=\"auto, (max-width: 550px) 100vw, 550px\" \/><span class=\"latest_post_overlay\"><i class=\"icon_plus\" aria-hidden=\"true\"><\/i><\/span><\/a><\/div><div class=\"latest_post\" ><div class=\"latest_post_text\"><h4 class=\"latest_post_title \"><a href=\"https:\/\/cellermaspolit.com\/en\/salon-verema-barcelona\/\">Celler Mas P\u00f2lit at the Verema Barcelona Salon<\/a><\/h4><p class=\"excerpt\">Celler Mas P\u00f2lit at the Verema Barcelona Salon: organic wines and mountain vineyard DO Empord\u00e0 &nbsp; Celler Mas P\u00f2lit was present at the Verema Barcelona Wine Fair, one of the most prestigious wine events in Catalonia and throughout Spain. This event allows us to share......<\/p><\/div><\/div><\/li><li class=\"clearfix\"><div class=\"boxes_image\"><a href=\"https:\/\/cellermaspolit.com\/en\/the-racons-silver-vinari-2023\/\"><img loading=\"lazy\" decoding=\"async\" width=\"550\" height=\"498\" src=\"https:\/\/cellermaspolit.com\/wp-content\/uploads\/2024\/02\/Celler-Mas-Polit-El-Racons-vinari-de-plata-2023-550x498.jpg\" class=\"attachment-portfolio-default size-portfolio-default wp-post-image\" alt=\"\" srcset=\"https:\/\/cellermaspolit.com\/wp-content\/uploads\/2024\/02\/Celler-Mas-Polit-El-Racons-vinari-de-plata-2023-550x498.jpg 550w, https:\/\/cellermaspolit.com\/wp-content\/uploads\/2024\/02\/Celler-Mas-Polit-El-Racons-vinari-de-plata-2023-480x434.jpg 480w, https:\/\/cellermaspolit.com\/wp-content\/uploads\/2024\/02\/Celler-Mas-Polit-El-Racons-vinari-de-plata-2023-125x112.jpg 125w\" sizes=\"auto, (max-width: 550px) 100vw, 550px\" \/><span class=\"latest_post_overlay\"><i class=\"icon_plus\" aria-hidden=\"true\"><\/i><\/span><\/a><\/div><div class=\"latest_post\" ><div class=\"latest_post_text\"><h4 class=\"latest_post_title \"><a href=\"https:\/\/cellermaspolit.com\/en\/the-racons-silver-vinari-2023\/\">Racons by Celler Mas P\u00f2lit, Vinari Silver Award 2023<\/a><\/h4><p class=\"excerpt\">Racons by Celler Mas P\u00f2lit, organic mountain vineyard wine awarded the Vinari Silver 2023. &nbsp; The Racons wine from Celler Mas P\u00f2lit has been awarded the Silver Vinari Award 2023, a recognition that places this reference among the award-winning organic wines of Empord\u00e0 and strengthens......<\/p><\/div><\/div><\/li><li class=\"clearfix\"><div class=\"boxes_image\"><a href=\"https:\/\/cellermaspolit.com\/en\/we-already-have-the-clarinet-2023\/\"><img loading=\"lazy\" decoding=\"async\" width=\"550\" height=\"498\" src=\"https:\/\/cellermaspolit.com\/wp-content\/uploads\/2024\/02\/Celler-Mas-Polit-Ja-tenim-el-CLARINET-2023-550x498.jpg\" class=\"attachment-portfolio-default size-portfolio-default wp-post-image\" alt=\"\" srcset=\"https:\/\/cellermaspolit.com\/wp-content\/uploads\/2024\/02\/Celler-Mas-Polit-Ja-tenim-el-CLARINET-2023-550x498.jpg 550w, https:\/\/cellermaspolit.com\/wp-content\/uploads\/2024\/02\/Celler-Mas-Polit-Ja-tenim-el-CLARINET-2023-480x434.jpg 480w, https:\/\/cellermaspolit.com\/wp-content\/uploads\/2024\/02\/Celler-Mas-Polit-Ja-tenim-el-CLARINET-2023-125x112.jpg 125w\" sizes=\"auto, (max-width: 550px) 100vw, 550px\" \/><span class=\"latest_post_overlay\"><i class=\"icon_plus\" aria-hidden=\"true\"><\/i><\/span><\/a><\/div><div class=\"latest_post\" ><div class=\"latest_post_text\"><h4 class=\"latest_post_title \"><a href=\"https:\/\/cellermaspolit.com\/en\/we-already-have-the-clarinet-2023\/\">We already have the Clar i Net 2023<\/a><\/h4><p class=\"excerpt\">Clar i Net 2023: Organic DO Empord\u00e0 Wine from Mountain Vineyards &nbsp; Clar i Net 2023 is here, the purest and most refreshing white wine from Celler Mas P\u00f2lit. A new vintage that reaffirms our commitment to organic wine from the Empord\u00e0, mountain viticulture, and......<\/p><\/div><\/div><\/li><li class=\"clearfix\"><div class=\"boxes_image\"><a href=\"https:\/\/cellermaspolit.com\/en\/case-for-three-bottles\/\"><img loading=\"lazy\" decoding=\"async\" width=\"550\" height=\"498\" src=\"https:\/\/cellermaspolit.com\/wp-content\/uploads\/2022\/12\/Celler-Mas-Polit-estoig-de-3-ampolles-550x498.jpg\" class=\"attachment-portfolio-default size-portfolio-default wp-post-image\" alt=\"\" srcset=\"https:\/\/cellermaspolit.com\/wp-content\/uploads\/2022\/12\/Celler-Mas-Polit-estoig-de-3-ampolles-550x498.jpg 550w, https:\/\/cellermaspolit.com\/wp-content\/uploads\/2022\/12\/Celler-Mas-Polit-estoig-de-3-ampolles-480x434.jpg 480w, https:\/\/cellermaspolit.com\/wp-content\/uploads\/2022\/12\/Celler-Mas-Polit-estoig-de-3-ampolles-125x112.jpg 125w\" sizes=\"auto, (max-width: 550px) 100vw, 550px\" \/><span class=\"latest_post_overlay\"><i class=\"icon_plus\" aria-hidden=\"true\"><\/i><\/span><\/a><\/div><div class=\"latest_post\" ><div class=\"latest_post_text\"><h4 class=\"latest_post_title \"><a href=\"https:\/\/cellermaspolit.com\/en\/case-for-three-bottles\/\">Three-Bottle Case<\/a><\/h4><p class=\"excerpt\">Three-Bottle Set: The Perfect Gift with Celler Mas P\u00f2lit Wines &nbsp; If you\u2019re looking for an exceptional gift for wine lovers, or simply want to discover the best wines from the Empord\u00e0 region, the Three-Bottle Set from Celler Mas P\u00f2lit is the perfect choice. This......<\/p><\/div><\/div><\/li><li class=\"clearfix\"><div class=\"boxes_image\"><a href=\"https:\/\/cellermaspolit.com\/en\/maridating-the-terra-indika-rosat\/\"><img loading=\"lazy\" decoding=\"async\" width=\"550\" height=\"498\" src=\"https:\/\/cellermaspolit.com\/wp-content\/uploads\/2022\/11\/Celler-Mas-Polit-Maridant-el-Terra-Indika-Rosat-550x498.jpg\" class=\"attachment-portfolio-default size-portfolio-default wp-post-image\" alt=\"\" srcset=\"https:\/\/cellermaspolit.com\/wp-content\/uploads\/2022\/11\/Celler-Mas-Polit-Maridant-el-Terra-Indika-Rosat-550x498.jpg 550w, https:\/\/cellermaspolit.com\/wp-content\/uploads\/2022\/11\/Celler-Mas-Polit-Maridant-el-Terra-Indika-Rosat-480x434.jpg 480w, https:\/\/cellermaspolit.com\/wp-content\/uploads\/2022\/11\/Celler-Mas-Polit-Maridant-el-Terra-Indika-Rosat-125x112.jpg 125w\" sizes=\"auto, (max-width: 550px) 100vw, 550px\" \/><span class=\"latest_post_overlay\"><i class=\"icon_plus\" aria-hidden=\"true\"><\/i><\/span><\/a><\/div><div class=\"latest_post\" ><div class=\"latest_post_text\"><h4 class=\"latest_post_title \"><a href=\"https:\/\/cellermaspolit.com\/en\/maridating-the-terra-indika-rosat\/\">Pairing Terra Indika Rosat<\/a><\/h4><p class=\"excerpt\">Pairing Terra Indika Ros\u00e9: organic DO Empord\u00e0 wine with Mediterranean freshness &nbsp; Terra Indika Ros\u00e9 from Celler Mas P\u00f2lit is a fresh, aromatic, and versatile wine, designed to be enjoyed on multiple occasions and with a wide variety of dishes. Made from mountain vineyards in......<\/p><\/div><\/div><\/li><li class=\"clearfix\"><div class=\"boxes_image\"><a href=\"https:\/\/cellermaspolit.com\/en\/paired-dinner-at-vicus-restaurant-in-pals\/\"><img loading=\"lazy\" decoding=\"async\" width=\"550\" height=\"498\" src=\"https:\/\/cellermaspolit.com\/wp-content\/uploads\/2022\/10\/6.-Vicus-post-portada-550x498.jpg\" class=\"attachment-portfolio-default size-portfolio-default wp-post-image\" alt=\"\" srcset=\"https:\/\/cellermaspolit.com\/wp-content\/uploads\/2022\/10\/6.-Vicus-post-portada-550x498.jpg 550w, https:\/\/cellermaspolit.com\/wp-content\/uploads\/2022\/10\/6.-Vicus-post-portada-480x434.jpg 480w, https:\/\/cellermaspolit.com\/wp-content\/uploads\/2022\/10\/6.-Vicus-post-portada-125x112.jpg 125w\" sizes=\"auto, (max-width: 550px) 100vw, 550px\" \/><span class=\"latest_post_overlay\"><i class=\"icon_plus\" aria-hidden=\"true\"><\/i><\/span><\/a><\/div><div class=\"latest_post\" ><div class=\"latest_post_text\"><h4 class=\"latest_post_title \"><a href=\"https:\/\/cellermaspolit.com\/en\/paired-dinner-at-vicus-restaurant-in-pals\/\">Paired dinner at Vicus restaurant in Pals<\/a><\/h4><p class=\"excerpt\">Wine Pairing Dinner at Vicus Restaurant in Pals with Celler Mas P\u00f2lit Wines &nbsp; The wine pairing dinner at Vicus Restaurant in Pals is one of the most outstanding gastronomic experiences on the Costa Brava. An idyllic setting, a restaurant with soul, and the collaboration......<\/p><\/div><\/div><\/li><li class=\"clearfix\"><div class=\"boxes_image\"><a href=\"https:\/\/cellermaspolit.com\/en\/cellar-logo-mural\/\"><img loading=\"lazy\" decoding=\"async\" width=\"550\" height=\"498\" src=\"https:\/\/cellermaspolit.com\/wp-content\/uploads\/2022\/05\/Celler-Mas-Polit-Mural-550x498.jpg\" class=\"attachment-portfolio-default size-portfolio-default wp-post-image\" alt=\"\" srcset=\"https:\/\/cellermaspolit.com\/wp-content\/uploads\/2022\/05\/Celler-Mas-Polit-Mural-550x498.jpg 550w, https:\/\/cellermaspolit.com\/wp-content\/uploads\/2022\/05\/Celler-Mas-Polit-Mural-480x434.jpg 480w, https:\/\/cellermaspolit.com\/wp-content\/uploads\/2022\/05\/Celler-Mas-Polit-Mural-125x112.jpg 125w\" sizes=\"auto, (max-width: 550px) 100vw, 550px\" \/><span class=\"latest_post_overlay\"><i class=\"icon_plus\" aria-hidden=\"true\"><\/i><\/span><\/a><\/div><div class=\"latest_post\" ><div class=\"latest_post_text\"><h4 class=\"latest_post_title \"><a href=\"https:\/\/cellermaspolit.com\/en\/cellar-logo-mural\/\">Cellar logo mural<\/a><\/h4><p class=\"excerpt\">Mural of the Celler Mas P\u00f2lit logo: art, territory and organic wine from Empord\u00e0 &nbsp; The MURAL OF THE WINERY LOGO is much more than a decorative intervention: it is a statement of intent, a visual piece that communicates the identity, history, and values of......<\/p><\/div><\/div><\/li><li class=\"clearfix\"><div class=\"boxes_image\"><a href=\"https:\/\/cellermaspolit.com\/en\/we-participate-in-viart-2022\/\"><img loading=\"lazy\" decoding=\"async\" width=\"550\" height=\"498\" src=\"https:\/\/cellermaspolit.com\/wp-content\/uploads\/2022\/04\/Celler-Mas-Polit-Viart-2022-550x498.jpg\" class=\"attachment-portfolio-default size-portfolio-default wp-post-image\" alt=\"\" srcset=\"https:\/\/cellermaspolit.com\/wp-content\/uploads\/2022\/04\/Celler-Mas-Polit-Viart-2022-550x498.jpg 550w, https:\/\/cellermaspolit.com\/wp-content\/uploads\/2022\/04\/Celler-Mas-Polit-Viart-2022-480x434.jpg 480w, https:\/\/cellermaspolit.com\/wp-content\/uploads\/2022\/04\/Celler-Mas-Polit-Viart-2022-125x112.jpg 125w\" sizes=\"auto, (max-width: 550px) 100vw, 550px\" \/><span class=\"latest_post_overlay\"><i class=\"icon_plus\" aria-hidden=\"true\"><\/i><\/span><\/a><\/div><div class=\"latest_post\" ><div class=\"latest_post_text\"><h4 class=\"latest_post_title \"><a href=\"https:\/\/cellermaspolit.com\/en\/we-participate-in-viart-2022\/\">We participate in ViArt 2022<\/a><\/h4><p class=\"excerpt\">We Participated in ViArt 2022: Art, Culture, and Organic Wines from the Empord\u00e0 &nbsp; Celler Mas P\u00f2lit actively participated in ViArt 2022, one of the most emblematic events in the Empord\u00e0 region where two passions defining our identity come together: wine and art. This edition......<\/p><\/div><\/div><\/li><li class=\"clearfix\"><div class=\"boxes_image\"><a href=\"https:\/\/cellermaspolit.com\/en\/terra-indika-rose-2021-is-out-now\/\"><img loading=\"lazy\" decoding=\"async\" width=\"550\" height=\"498\" src=\"https:\/\/cellermaspolit.com\/wp-content\/uploads\/2022\/03\/Celler-Mas-Polit-Terra-Indika-rost-2021-550x498.jpg\" class=\"attachment-portfolio-default size-portfolio-default wp-post-image\" alt=\"\" srcset=\"https:\/\/cellermaspolit.com\/wp-content\/uploads\/2022\/03\/Celler-Mas-Polit-Terra-Indika-rost-2021-550x498.jpg 550w, https:\/\/cellermaspolit.com\/wp-content\/uploads\/2022\/03\/Celler-Mas-Polit-Terra-Indika-rost-2021-480x434.jpg 480w, https:\/\/cellermaspolit.com\/wp-content\/uploads\/2022\/03\/Celler-Mas-Polit-Terra-Indika-rost-2021-125x112.jpg 125w\" sizes=\"auto, (max-width: 550px) 100vw, 550px\" \/><span class=\"latest_post_overlay\"><i class=\"icon_plus\" aria-hidden=\"true\"><\/i><\/span><\/a><\/div><div class=\"latest_post\" ><div class=\"latest_post_text\"><h4 class=\"latest_post_title \"><a href=\"https:\/\/cellermaspolit.com\/en\/terra-indika-rose-2021-is-out-now\/\">TERRA INDIKA Ros\u00e9 2021 is out now.<\/a><\/h4><p class=\"excerpt\">A new organic Empord\u00e0 wine with a Mediterranean soul &nbsp; We proudly present the new TERRA INDIKA Ros\u00e9 2021, a vintage full of freshness, elegance, and authenticity. This organic Empord\u00e0 wine perfectly captures the spirit of our landscape: the tramuntana wind, the sea, the mountains,......<\/p><\/div><\/div><\/li><li class=\"clearfix\"><div class=\"boxes_image\"><a href=\"https:\/\/cellermaspolit.com\/en\/nou-blanc-de-negre-2021\/\"><img loading=\"lazy\" decoding=\"async\" width=\"550\" height=\"498\" src=\"https:\/\/cellermaspolit.com\/wp-content\/uploads\/2025\/10\/Celler-Mas-Polit-Clar-i-Net-2021-550x498.jpg\" class=\"attachment-portfolio-default size-portfolio-default wp-post-image\" alt=\"\" srcset=\"https:\/\/cellermaspolit.com\/wp-content\/uploads\/2025\/10\/Celler-Mas-Polit-Clar-i-Net-2021-550x498.jpg 550w, https:\/\/cellermaspolit.com\/wp-content\/uploads\/2025\/10\/Celler-Mas-Polit-Clar-i-Net-2021-480x434.jpg 480w, https:\/\/cellermaspolit.com\/wp-content\/uploads\/2025\/10\/Celler-Mas-Polit-Clar-i-Net-2021-125x112.jpg 125w\" sizes=\"auto, (max-width: 550px) 100vw, 550px\" \/><span class=\"latest_post_overlay\"><i class=\"icon_plus\" aria-hidden=\"true\"><\/i><\/span><\/a><\/div><div class=\"latest_post\" ><div class=\"latest_post_text\"><h4 class=\"latest_post_title \"><a href=\"https:\/\/cellermaspolit.com\/en\/nou-blanc-de-negre-2021\/\">The new white wine from red grapes Clar i Net 2021<\/a><\/h4><p class=\"excerpt\">The new Clar i Net 2021 red grape white: organic wine from Empord\u00e0 &nbsp; We are excited to introduce the new red grape white Clar i Net 2021, a vintage that combines freshness, elegance, and authenticity. This organic wine from Empord\u00e0 perfectly expresses our Mediterranean......<\/p><\/div><\/div><\/li><li class=\"clearfix\"><div class=\"boxes_image\"><a href=\"https:\/\/cellermaspolit.com\/en\/celler-mas-polit-a-winetourism\/\"><img loading=\"lazy\" decoding=\"async\" width=\"550\" height=\"498\" src=\"https:\/\/cellermaspolit.com\/wp-content\/uploads\/2022\/02\/Celler-Mas-Polit-Winetourism01-550x498.jpg\" class=\"attachment-portfolio-default size-portfolio-default wp-post-image\" alt=\"\" srcset=\"https:\/\/cellermaspolit.com\/wp-content\/uploads\/2022\/02\/Celler-Mas-Polit-Winetourism01-550x498.jpg 550w, https:\/\/cellermaspolit.com\/wp-content\/uploads\/2022\/02\/Celler-Mas-Polit-Winetourism01-480x434.jpg 480w, https:\/\/cellermaspolit.com\/wp-content\/uploads\/2022\/02\/Celler-Mas-Polit-Winetourism01-125x112.jpg 125w\" sizes=\"auto, (max-width: 550px) 100vw, 550px\" \/><span class=\"latest_post_overlay\"><i class=\"icon_plus\" aria-hidden=\"true\"><\/i><\/span><\/a><\/div><div class=\"latest_post\" ><div class=\"latest_post_text\"><h4 class=\"latest_post_title \"><a href=\"https:\/\/cellermaspolit.com\/en\/celler-mas-polit-a-winetourism\/\">Celler Mas P\u00f2lit on Winetourism<\/a><\/h4><p class=\"excerpt\">Celler Mas P\u00f2lit on Winetourism: the organic Empord\u00e0 winery conquering international wine tourism &nbsp; Celler Mas P\u00f2lit continues to take important steps forward in its journey toward international recognition and projection. Its inclusion on the Winetourism.com platform\u2014one of the world\u2019s leading wine tourism portals\u2014consolidates its......<\/p><\/div><\/div><\/li><li class=\"clearfix\"><div class=\"boxes_image\"><a href=\"https:\/\/cellermaspolit.com\/en\/mas-polit-winery-in-the-swedish-magazine-vinjournalen\/\"><img loading=\"lazy\" decoding=\"async\" width=\"550\" height=\"498\" src=\"https:\/\/cellermaspolit.com\/wp-content\/uploads\/2022\/02\/Celler-Mas-Polit-Vinjournalen-550x498.jpg\" class=\"attachment-portfolio-default size-portfolio-default wp-post-image\" alt=\"\" srcset=\"https:\/\/cellermaspolit.com\/wp-content\/uploads\/2022\/02\/Celler-Mas-Polit-Vinjournalen-550x498.jpg 550w, https:\/\/cellermaspolit.com\/wp-content\/uploads\/2022\/02\/Celler-Mas-Polit-Vinjournalen-480x434.jpg 480w, https:\/\/cellermaspolit.com\/wp-content\/uploads\/2022\/02\/Celler-Mas-Polit-Vinjournalen-125x112.jpg 125w\" sizes=\"auto, (max-width: 550px) 100vw, 550px\" \/><span class=\"latest_post_overlay\"><i class=\"icon_plus\" aria-hidden=\"true\"><\/i><\/span><\/a><\/div><div class=\"latest_post\" ><div class=\"latest_post_text\"><h4 class=\"latest_post_title \"><a href=\"https:\/\/cellermaspolit.com\/en\/mas-polit-winery-in-the-swedish-magazine-vinjournalen\/\">Celler Mas P\u00f2lit winery in the Swedish magazine Vinjournalen<\/a><\/h4><p class=\"excerpt\">Celler Mas P\u00f2lit featured in the Swedish magazine Vinjournalen: the organic mountain wine from Empord\u00e0 that captivates Europe &nbsp; Celler Mas P\u00f2lit continues to open paths beyond Empord\u00e0. Recently, our winery was featured in the prestigious Swedish wine magazine Vinjournalen.se, one of Sweden\u2019s most respected......<\/p><\/div><\/div><\/li><li class=\"clearfix\"><div class=\"boxes_image\"><a href=\"https:\/\/cellermaspolit.com\/en\/mas-polit-awarded-with-two-vinaris-dor\/\"><img loading=\"lazy\" decoding=\"async\" width=\"550\" height=\"498\" src=\"https:\/\/cellermaspolit.com\/wp-content\/uploads\/2022\/02\/Celler-Mas-Polit-Vinari-dOr-550x498.jpg\" class=\"attachment-portfolio-default size-portfolio-default wp-post-image\" alt=\"\" srcset=\"https:\/\/cellermaspolit.com\/wp-content\/uploads\/2022\/02\/Celler-Mas-Polit-Vinari-dOr-550x498.jpg 550w, https:\/\/cellermaspolit.com\/wp-content\/uploads\/2022\/02\/Celler-Mas-Polit-Vinari-dOr-480x434.jpg 480w, https:\/\/cellermaspolit.com\/wp-content\/uploads\/2022\/02\/Celler-Mas-Polit-Vinari-dOr-125x112.jpg 125w\" sizes=\"auto, (max-width: 550px) 100vw, 550px\" \/><span class=\"latest_post_overlay\"><i class=\"icon_plus\" aria-hidden=\"true\"><\/i><\/span><\/a><\/div><div class=\"latest_post\" ><div class=\"latest_post_text\"><h4 class=\"latest_post_title \"><a href=\"https:\/\/cellermaspolit.com\/en\/mas-polit-awarded-with-two-vinaris-dor\/\">Mas P\u00f2lit and the Gold Vinari: Empord\u00e0 honors an organic winery with mountain wines<\/a><\/h4><p class=\"excerpt\">Mas P\u00f2lit awarded two Gold Vinari prizes: recognition for organic winemaking in Empord\u00e0 &nbsp; Mas P\u00f2lit\u00a0celebrates a historic moment: we have been awarded two Gold Vinari prizes, a recognition that highlights the quality of our wines and the long, dedicated work of organic viticulture in......<\/p><\/div><\/div><\/li><\/ul><\/div>[\/vc_column][\/vc_row][vc_row row_type=&#8221;row&#8221; use_row_as_full_screen_section=&#8221;no&#8221; type=&#8221;full_width&#8221; text_align=&#8221;left&#8221; background_animation=&#8221;none&#8221; css_animation=&#8221;&#8221;][vc_column][vc_empty_space height=&#8221;120px&#8221;][\/vc_column][\/vc_row]<\/p>\n<\/div>","protected":false},"excerpt":{"rendered":"<p>[vc_row row_type=&#8221;row&#8221; use_row_as_full_screen_section=&#8221;no&#8221; type=&#8221;full_width&#8221; text_align=&#8221;left&#8221; background_animation=&#8221;none&#8221; css_animation=&#8221;&#8221;][vc_column][vc_row_inner row_type=&#8221;row&#8221; type=&#8221;grid&#8221; use_row_as_full_screen_section_slide=&#8221;no&#8221; text_align=&#8221;center&#8221; css_animation=&#8221;&#8221;][vc_column_inner][vc_empty_space height=&#8221;60px&#8221;][vc_column_text css=&#8221;&#8221;] What\u2019s new [\/vc_column_text][vc_empty_space height=&#8221;60px&#8221;][\/vc_column_inner][\/vc_row_inner][\/vc_column][\/vc_row][vc_row row_type=&#8221;row&#8221; use_row_as_full_screen_section=&#8221;no&#8221; type=&#8221;grid&#8221; text_align=&#8221;left&#8221; background_animation=&#8221;none&#8221; css_animation=&#8221;&#8221;][vc_column][\/vc_column][\/vc_row][vc_row row_type=&#8221;row&#8221; use_row_as_full_screen_section=&#8221;no&#8221; type=&#8221;full_width&#8221; text_align=&#8221;left&#8221; background_animation=&#8221;none&#8221; css_animation=&#8221;&#8221;][vc_column][vc_empty_space height=&#8221;120px&#8221;][\/vc_column][\/vc_row]<\/p>\n","protected":false},"author":1,"featured_media":0,"parent":0,"menu_order":0,"comment_status":"closed","ping_status":"closed","template":"full_width.php","meta":{"footnotes":""},"class_list":["post-1016","page","type-page","status-publish","hentry"],"yoast_head":"<!-- This site is optimized with the Yoast SEO plugin v28.3 - https:\/\/yoast.com\/product\/yoast-seo-wordpress\/ -->\n<title>What\u2019s new - Celler Mas P\u00f2lit | DO Empord\u00e0<\/title>\n<meta name=\"description\" content=\"Latest news from Celler Mas P\u00f2lit: updates on organic DO Empord\u00e0 wines, wine tourism, and activities at our family winery.\" \/>\n<meta name=\"robots\" content=\"index, follow, max-snippet:-1, max-image-preview:large, max-video-preview:-1\" \/>\n<link rel=\"canonical\" href=\"https:\/\/cellermaspolit.com\/en\/whats-new\/\" \/>\n<meta property=\"og:locale\" content=\"en_US\" \/>\n<meta property=\"og:type\" content=\"article\" \/>\n<meta property=\"og:title\" content=\"What\u2019s new - Celler Mas P\u00f2lit | DO Empord\u00e0\" \/>\n<meta property=\"og:description\" content=\"Latest news from Celler Mas P\u00f2lit: updates on organic DO Empord\u00e0 wines, wine tourism, and activities at our family winery.\" \/>\n<meta property=\"og:url\" content=\"https:\/\/cellermaspolit.com\/en\/whats-new\/\" \/>\n<meta property=\"og:site_name\" content=\"Celler Mas P\u00f2lit | DO Empord\u00e0\" \/>\n<meta property=\"article:modified_time\" content=\"2026-08-17T14:53:35+00:00\" \/>\n<meta name=\"twitter:label1\" content=\"Est. reading time\" \/>\n\t<meta name=\"twitter:data1\" content=\"1 minute\" \/>\n<script type=\"application\/ld+json\" class=\"yoast-schema-graph\">{\"@context\":\"https:\\\/\\\/schema.org\",\"@graph\":[{\"@type\":\"WebPage\",\"@id\":\"https:\\\/\\\/cellermaspolit.com\\\/en\\\/whats-new\\\/\",\"url\":\"https:\\\/\\\/cellermaspolit.com\\\/en\\\/whats-new\\\/\",\"name\":\"What\u2019s new - Celler Mas P\u00f2lit | DO Empord\u00e0\",\"isPartOf\":{\"@id\":\"https:\\\/\\\/cellermaspolit.com\\\/en\\\/#website\"},\"datePublished\":\"2022-02-22T09:38:59+00:00\",\"dateModified\":\"2026-08-17T14:53:35+00:00\",\"description\":\"Latest news from Celler Mas P\u00f2lit: updates on organic DO Empord\u00e0 wines, wine tourism, and activities at our family winery.\",\"breadcrumb\":{\"@id\":\"https:\\\/\\\/cellermaspolit.com\\\/en\\\/whats-new\\\/#breadcrumb\"},\"inLanguage\":\"en-US\",\"potentialAction\":[{\"@type\":\"ReadAction\",\"target\":[\"https:\\\/\\\/cellermaspolit.com\\\/en\\\/whats-new\\\/\"]}]},{\"@type\":\"BreadcrumbList\",\"@id\":\"https:\\\/\\\/cellermaspolit.com\\\/en\\\/whats-new\\\/#breadcrumb\",\"itemListElement\":[{\"@type\":\"ListItem\",\"position\":1,\"name\":\"Inici\",\"item\":\"https:\\\/\\\/cellermaspolit.com\\\/en\\\/\"},{\"@type\":\"ListItem\",\"position\":2,\"name\":\"What\u2019s new\"}]},{\"@type\":\"WebSite\",\"@id\":\"https:\\\/\\\/cellermaspolit.com\\\/en\\\/#website\",\"url\":\"https:\\\/\\\/cellermaspolit.com\\\/en\\\/\",\"name\":\"Celler Mas P\u00f2lit\",\"description\":\"DO Empord\u00e0. Vi ecol\u00f2gic. Premis al millor vi de crian\u00e7a de Catalunya i al millor vi de la D.O. Empord\u00e0\",\"publisher\":{\"@id\":\"https:\\\/\\\/cellermaspolit.com\\\/en\\\/#organization\"},\"potentialAction\":[{\"@type\":\"SearchAction\",\"target\":{\"@type\":\"EntryPoint\",\"urlTemplate\":\"https:\\\/\\\/cellermaspolit.com\\\/en\\\/?s={search_term_string}\"},\"query-input\":{\"@type\":\"PropertyValueSpecification\",\"valueRequired\":true,\"valueName\":\"search_term_string\"}}],\"inLanguage\":\"en-US\"},{\"@type\":\"Organization\",\"@id\":\"https:\\\/\\\/cellermaspolit.com\\\/en\\\/#organization\",\"name\":\"Celler Mas P\u00f2lit\",\"url\":\"https:\\\/\\\/cellermaspolit.com\\\/en\\\/\",\"logo\":{\"@type\":\"ImageObject\",\"inLanguage\":\"en-US\",\"@id\":\"https:\\\/\\\/cellermaspolit.com\\\/en\\\/#\\\/schema\\\/logo\\\/image\\\/\",\"url\":\"http:\\\/\\\/cellermaspolit.com\\\/wp-content\\\/uploads\\\/2021\\\/12\\\/Logo-provisional.jpg\",\"contentUrl\":\"http:\\\/\\\/cellermaspolit.com\\\/wp-content\\\/uploads\\\/2021\\\/12\\\/Logo-provisional.jpg\",\"width\":400,\"height\":103,\"caption\":\"Celler Mas P\u00f2lit\"},\"image\":{\"@id\":\"https:\\\/\\\/cellermaspolit.com\\\/en\\\/#\\\/schema\\\/logo\\\/image\\\/\"},\"sameAs\":[\"https:\\\/\\\/www.instagram.com\\\/cellermaspolit\"]}]}<\/script>\n<!-- \/ Yoast SEO plugin. -->","yoast_head_json":{"title":"What\u2019s new - Celler Mas P\u00f2lit | DO Empord\u00e0","description":"Latest news from Celler Mas P\u00f2lit: updates on organic DO Empord\u00e0 wines, wine tourism, and activities at our family winery.","robots":{"index":"index","follow":"follow","max-snippet":"max-snippet:-1","max-image-preview":"max-image-preview:large","max-video-preview":"max-video-preview:-1"},"canonical":"https:\/\/cellermaspolit.com\/en\/whats-new\/","og_locale":"en_US","og_type":"article","og_title":"What\u2019s new - Celler Mas P\u00f2lit | DO Empord\u00e0","og_description":"Latest news from Celler Mas P\u00f2lit: updates on organic DO Empord\u00e0 wines, wine tourism, and activities at our family winery.","og_url":"https:\/\/cellermaspolit.com\/en\/whats-new\/","og_site_name":"Celler Mas P\u00f2lit | DO Empord\u00e0","article_modified_time":"2026-08-17T14:53:35+00:00","twitter_misc":{"Est. reading time":"1 minute"},"schema":{"@context":"https:\/\/schema.org","@graph":[{"@type":"WebPage","@id":"https:\/\/cellermaspolit.com\/en\/whats-new\/","url":"https:\/\/cellermaspolit.com\/en\/whats-new\/","name":"What\u2019s new - Celler Mas P\u00f2lit | DO Empord\u00e0","isPartOf":{"@id":"https:\/\/cellermaspolit.com\/en\/#website"},"datePublished":"2022-02-22T09:38:59+00:00","dateModified":"2026-08-17T14:53:35+00:00","description":"Latest news from Celler Mas P\u00f2lit: updates on organic DO Empord\u00e0 wines, wine tourism, and activities at our family winery.","breadcrumb":{"@id":"https:\/\/cellermaspolit.com\/en\/whats-new\/#breadcrumb"},"inLanguage":"en-US","potentialAction":[{"@type":"ReadAction","target":["https:\/\/cellermaspolit.com\/en\/whats-new\/"]}]},{"@type":"BreadcrumbList","@id":"https:\/\/cellermaspolit.com\/en\/whats-new\/#breadcrumb","itemListElement":[{"@type":"ListItem","position":1,"name":"Inici","item":"https:\/\/cellermaspolit.com\/en\/"},{"@type":"ListItem","position":2,"name":"What\u2019s new"}]},{"@type":"WebSite","@id":"https:\/\/cellermaspolit.com\/en\/#website","url":"https:\/\/cellermaspolit.com\/en\/","name":"Celler Mas P\u00f2lit","description":"DO Empord\u00e0. Vi ecol\u00f2gic. Premis al millor vi de crian\u00e7a de Catalunya i al millor vi de la D.O. Empord\u00e0","publisher":{"@id":"https:\/\/cellermaspolit.com\/en\/#organization"},"potentialAction":[{"@type":"SearchAction","target":{"@type":"EntryPoint","urlTemplate":"https:\/\/cellermaspolit.com\/en\/?s={search_term_string}"},"query-input":{"@type":"PropertyValueSpecification","valueRequired":true,"valueName":"search_term_string"}}],"inLanguage":"en-US"},{"@type":"Organization","@id":"https:\/\/cellermaspolit.com\/en\/#organization","name":"Celler Mas P\u00f2lit","url":"https:\/\/cellermaspolit.com\/en\/","logo":{"@type":"ImageObject","inLanguage":"en-US","@id":"https:\/\/cellermaspolit.com\/en\/#\/schema\/logo\/image\/","url":"http:\/\/cellermaspolit.com\/wp-content\/uploads\/2021\/12\/Logo-provisional.jpg","contentUrl":"http:\/\/cellermaspolit.com\/wp-content\/uploads\/2021\/12\/Logo-provisional.jpg","width":400,"height":103,"caption":"Celler Mas P\u00f2lit"},"image":{"@id":"https:\/\/cellermaspolit.com\/en\/#\/schema\/logo\/image\/"},"sameAs":["https:\/\/www.instagram.com\/cellermaspolit"]}]}},"_links":{"self":[{"href":"https:\/\/cellermaspolit.com\/en\/wp-json\/wp\/v2\/pages\/1016","targetHints":{"allow":["GET"]}}],"collection":[{"href":"https:\/\/cellermaspolit.com\/en\/wp-json\/wp\/v2\/pages"}],"about":[{"href":"https:\/\/cellermaspolit.com\/en\/wp-json\/wp\/v2\/types\/page"}],"author":[{"embeddable":true,"href":"https:\/\/cellermaspolit.com\/en\/wp-json\/wp\/v2\/users\/1"}],"replies":[{"embeddable":true,"href":"https:\/\/cellermaspolit.com\/en\/wp-json\/wp\/v2\/comments?post=1016"}],"version-history":[{"count":0,"href":"https:\/\/cellermaspolit.com\/en\/wp-json\/wp\/v2\/pages\/1016\/revisions"}],"wp:attachment":[{"href":"https:\/\/cellermaspolit.com\/en\/wp-json\/wp\/v2\/media?parent=1016"}],"curies":[{"name":"wp","href":"https:\/\/api.w.org\/{rel}","templated":true}]}}